{"id":11264,"date":"2024-09-11T12:42:28","date_gmt":"2024-09-11T10:42:28","guid":{"rendered":"https:\/\/arvier.eu\/?page_id=11264"},"modified":"2025-08-28T11:34:33","modified_gmt":"2025-08-28T09:34:33","slug":"wp04-socialinnovationlab","status":"publish","type":"page","link":"https:\/\/arvier.eu\/fr\/attuazione-misure-pnrr\/il-progetto-agile-arvier-la-cultura-del-cambiamento\/wp04-socialinnovationlab\/","title":{"rendered":"WP04 &#8211; SocialInnovationLAB"},"content":{"rendered":"\n<p id=\"block-e3c6884e-3502-496c-b560-a39b9747b135\">Il Social InnovationLAB si concentra sull&rsquo;innovazione sociale e sul miglioramento della coesione economica e sociale nelle aree rurali e montane. L&rsquo;obiettivo principale del laboratorio \u00e8 sperimentare nuovi modelli di sviluppo locale, attraverso il coinvolgimento delle comunit\u00e0 e la valorizzazione delle pratiche sostenibili. Le attivit\u00e0 sono orientate alla creazione di sinergie tra la comunit\u00e0 locale, il settore produttivo e gli enti pubblici, stimolando un cambiamento positivo in termini di inclusione, innovazione e sostenibilit\u00e0.<\/p>\n\n\n\n<p>Le azioni volte:<\/p>\n\n\n\n<ul class=\"wp-block-list\">\n<li>Promozione dello Sviluppo economico e alla valorizzazione delle risorse locali sono attuate in collaborazione con la Fondazione Institut Agricole R\u00e9gional.<\/li>\n\n\n\n<li>Inclusione sociale, benessere comunitario e valorizzazione del patrimonio (welfare culturale) saranno realizzate in collaborazione con gli enti del terzo settore.<\/li>\n<\/ul>\n\n\n\n<hr class=\"wp-block-separator has-alpha-channel-opacity\"\/>\n\n\n\n<h2 class=\"wp-block-heading\" id=\"block-63f40cc8-3286-47cc-9a64-fe76ac79fb01\"><strong>Obiettivi Specifici<\/strong><\/h2>\n\n\n\n<ul class=\"wp-block-list\">\n<li>Promuovere pratiche innovative di sviluppo sociale e comunitario nelle aree montane.<\/li>\n\n\n\n<li>Rafforzare la competitivit\u00e0 e l\u2019innovazione dei sistemi produttivi locali, con particolare attenzione all&rsquo;agricoltura 4.0 e alla sostenibilit\u00e0.<\/li>\n\n\n\n<li>Valorizzare le produzioni locali attraverso l\u2019interconnessione delle attivit\u00e0 lavorative e produttive.<\/li>\n\n\n\n<li>Coinvolgere la comunit\u00e0 locale, i giovani, le famiglie e gli attori del terzo settore in iniziative di innovazione sociale.<\/li>\n<\/ul>\n\n\n\n<h2 class=\"wp-block-heading\"><strong>Risultati attesi<\/strong><\/h2>\n\n\n\n<ul class=\"wp-block-list\">\n<li>Creazione di una rete di soggetti locali che collaborano per implementare nuove pratiche di sviluppo sostenibile.<\/li>\n\n\n\n<li>Miglioramento della competitivit\u00e0 delle aziende locali attraverso l&rsquo;innovazione sociale e tecnologica.<\/li>\n\n\n\n<li>Aumento della coesione sociale mediante il coinvolgimento della popolazione in attivit\u00e0 di co-progettazione.<\/li>\n\n\n\n<li>Incremento dell\u2019inclusione sociale e del benessere della comunit\u00e0, con particolare focus sulle fasce pi\u00f9 deboli della popolazione.<\/li>\n<\/ul>\n\n\n\n<h2 class=\"wp-block-heading\"><strong>Destinatari<\/strong><\/h2>\n\n\n\n<ul class=\"wp-block-list\">\n<li>Comunit\u00e0 locale, imprese agricole e produttive, famiglie, giovani, operatori del terzo settore, enti pubblici e associazioni di categoria.<\/li>\n<\/ul>\n\n\n\n<h2 class=\"wp-block-heading\" id=\"block-344654d6-a387-4aa7-ad7e-a370fb7f951d\">Attivit\u00e0 principali<\/h2>\n\n\n\n<ul class=\"wp-block-list\">\n<li><strong>Sviluppo economico e valorizzazione delle risorse locali<\/strong><sup>1<\/sup>\n<ul class=\"wp-block-list\">\n<li>Studio e analisi\n<ul class=\"wp-block-list\">\n<li>Studio approfondito delle potenzialit\u00e0 dell&rsquo;Agricoltura 4.0 in ambiente montano, identificando soluzioni tecnologiche innovative applicabili al contesto locale.<\/li>\n\n\n\n<li>Analisi delle opportunit\u00e0 di sviluppo per i mestieri tradizionali della montagna e le filiere agroalimentari, con un focus sull&rsquo;innovazione e la crescita.<\/li>\n<\/ul>\n<\/li>\n\n\n\n<li>Formazione e sviluppo delle competenze\n<ul class=\"wp-block-list\">\n<li>Corsi pratici di trasformazione lattiero-casearia per valorizzare le produzioni locali e creare nuovi prodotti.<\/li>\n\n\n\n<li>Corsi di lavorazione e trasformazione delle carni per promuovere l\u2019utilizzo di materie prime locali e sviluppare filiere corte.<\/li>\n<\/ul>\n<\/li>\n\n\n\n<li>Infrastrutture e networking\n<ul class=\"wp-block-list\">\n<li>Progettazione di un laboratorio multifunzionale di trasformazione agroalimentare, con attrezzature moderne e spazi condivisi per facilitare la collaborazione tra produttori e la creazione di nuovi prodotti.<\/li>\n\n\n\n<li>Workshop di co-creazione con professionisti della montagna per stimolare progetti innovativi e collaborativi.<\/li>\n\n\n\n<li>Creazione di una rete stabile di collaborazione tra professionisti della montagna per promuovere lo scambio di conoscenze e risorse, e facilitare iniziative comuni.<\/li>\n<\/ul>\n<\/li>\n\n\n\n<li>Promozione e valorizzazione\n<ul class=\"wp-block-list\">\n<li>Organizzazione del \u00ab\u00a0Salone dei mestieri e dei prodotti tradizionali della montagna\u00a0\u00bb per valorizzare le eccellenze locali e promuovere il territorio.<\/li>\n\n\n\n<li>Partecipazione alla \u00ab\u00a0Notte dei Ricercatori\u00a0\u00bb per presentare i risultati delle attivit\u00e0 del LAB, coinvolgendo la comunit\u00e0 e stimolando l\u2019interesse per l\u2019innovazione nelle aree montane.<br><\/li>\n<\/ul>\n<\/li>\n<\/ul>\n<\/li>\n\n\n\n<li><strong>Inclusione sociale, benessere comunitario e valorizzazione del patrimonio<\/strong> <sup>2<\/sup>\n<ul class=\"wp-block-list\">\n<li>Arte e cultura per l&rsquo;inclusione\n<ul class=\"wp-block-list\">\n<li>Organizzazione di rassegne artistiche inclusive (land art, installazioni, performance teatrali) che coinvolgano anche persone con disabilit\u00e0 e valorizzino il paesaggio e il territorio agricolo.<\/li>\n\n\n\n<li>Realizzazione di festival, spettacoli, concerti e performance artistiche con particolare attenzione alla fruizione per persone con disabilit\u00e0, trattando tematiche ambientali, del cambiamento climatico e dell&rsquo;agricoltura.<\/li>\n<\/ul>\n<\/li>\n\n\n\n<li>Dialogo e confronto\n<ul class=\"wp-block-list\">\n<li>Tavole rotonde, incontri e occasioni di confronto su temi come l\u2019inclusione, la discriminazione, la sostenibilit\u00e0 ambientale e la valorizzazione del territorio, coinvolgendo esperti, artisti, operatori del Terzo Settore e rappresentanti delle istituzioni.<\/li>\n<\/ul>\n<\/li>\n\n\n\n<li>Formazione e sensibilizzazione\n<ul class=\"wp-block-list\">\n<li>Organizzazione di laboratori didattici e formativi su temi artistici, culturali, ambientali e sociali, rivolti a diverse fasce d\u2019et\u00e0, con il coinvolgimento di professionisti del Terzo Settore.<\/li>\n\n\n\n<li>Promozione di escursioni guidate, passeggiate naturalistiche e attivit\u00e0 all\u2019aria aperta, in collaborazione con associazioni ambientaliste e guide locali, per favorire la conoscenza e la fruizione del territorio.<\/li>\n<\/ul>\n<\/li>\n\n\n\n<li>Agricoltura sociale\n<ul class=\"wp-block-list\">\n<li>Sviluppo di progetti di agricoltura sociale che coinvolgano persone svantaggiate o con disabilit\u00e0, offrendo loro opportunit\u00e0 di inclusione, formazione e lavoro, valorizzando il territorio agricolo.<\/li>\n<\/ul>\n<\/li>\n<\/ul>\n<\/li>\n<\/ul>\n\n\n\n<p><em><sup>1<\/sup> L&rsquo;attivit\u00e0 \u00e8 attuata dall&rsquo;Institut Agricole R\u00e9gional<br><sup>2<\/sup> Trattasi di azioni esemplificative che saranno oggetto di ulteriore definizione in esito alle attivit\u00e0 di co-progettazione con enti del terzo settore<\/em> <\/p>\n\n\n\n<hr class=\"wp-block-separator has-alpha-channel-opacity\"\/>\n\n\n\n<h2 class=\"wp-block-heading\">Finanziamento<\/h2>\n\n\n\n<p><strong>PNRR: \u20ac 450.000,00<\/strong><\/p>\n\n\n\n<figure class=\"wp-block-table\"><table class=\"has-fixed-layout\"><tbody><tr><td class=\"has-text-align-left\" data-align=\"left\"><strong>Tipologia di spesa<\/strong><\/td><td><strong>Importo<\/strong><\/td><\/tr><tr><td class=\"has-text-align-left\" data-align=\"left\"><strong>Acquisto di servizi<\/strong><\/td><td><strong>\u20ac 290.000,00<\/strong><\/td><\/tr><tr><td class=\"has-text-align-left\" data-align=\"left\"><strong>Acquisto di beni\/attrezzature funzionali alla realizzazione delle attivit\u00e0<\/strong><\/td><td><strong>\u20ac 70.000,00<\/strong><\/td><\/tr><tr><td class=\"has-text-align-left\" data-align=\"left\"><strong>Spese di personale<\/strong><\/td><td><strong>\u20ac 78.500,00<\/strong><\/td><\/tr><tr><td class=\"has-text-align-left\" data-align=\"left\"><strong>Altre somme a disposizione<\/strong><\/td><td><strong>\u20ac 11.500,00<\/strong><\/td><\/tr><tr><td class=\"has-text-align-left\" data-align=\"left\"><strong>Totale<\/strong><\/td><td><strong>\u20ac 450.000<\/strong><strong>,00<\/strong><\/td><\/tr><\/tbody><\/table><\/figure>\n\n\n\n<hr class=\"wp-block-separator has-alpha-channel-opacity\"\/>\n\n\n\n<h2 class=\"wp-block-heading\">Stato di avanzamento:<\/h2>\n\n\n\n<p><strong><em>In corso di esecuzione<\/em><\/strong><\/p>\n\n\n\n<p>Impegni\/Prenotazioni di spesa al 30\/04\/2025: 245.500,00 \u20ac<br>Spesa sostenuta al 30\/04\/2025 inclusi i trasferimenti a titolo di anticipazione\/rimborso ai soggetti realizzatori esterni pubblici o privati: 73.863,48 \u20ac<\/p>\n\n\n\n<hr class=\"wp-block-separator has-alpha-channel-opacity\"\/>\n\n\n\n<h2 class=\"wp-block-heading\"><strong>Le convenzioni con i soggetti realizzatori esterni (ex art. 15 L. 241\/90)<\/strong><\/h2>\n\n\n\n<figure class=\"wp-block-table\">\n  <table style=\"border: none; width: 100%;\">\n    <tbody>\n      <tr>\n        <td style=\"border: none; text-align: center; vertical-align: middle; height: 100px;\">\n          <a class=\"logo\" href=\"https:\/\/www.iaraosta.it\" style=\"display: flex; justify-content: center;\">\n            <img decoding=\"async\" class=\"fixed-logo\" src=\"https:\/\/www.iaraosta.it\/wp-content\/uploads\/2021\/10\/IAR-LOGO400.webp\" width=\"50%\" alt=\"IAR Aosta\">\n          <\/a>\n          <div>Institut Agricole R\u00e9gional<\/div>\n        <\/td>\n      <\/tr>\n    <\/tbody>\n  <\/table>\n<\/figure>\n\n\n\n<h4 class=\"wp-block-heading\">Deliberazioni del Consiglio comunale<\/h4>\n\n\n\n<p><a href=\"https:\/\/jcity-arvier.partout.it\/web\/trasparenza\/papca-p\/-\/papca\/display\/71085\">N. 13\/2024 del 29\/04\/2024 &#8211; Approvazione dello schema di convenzione fra Comune di Arvier e Institut Agricole R\u00e9gional<\/a><\/p>\n\n\n\n<h4 class=\"wp-block-heading\">Deliberazioni della Giunta comunale<\/h4>\n\n\n\n<p><a href=\"https:\/\/jcity-arvier.partout.it\/web\/trasparenza\/papca-p\/-\/papca\/display\/75838\">N. 42\/2024, del 06\/06\/2024 &#8211; Approvazione del progetto di dettaglio per l&rsquo;attuazione delle WP04 e WP05 (Institut Agricole R\u00e9gional) <\/a><\/p>\n\n\n\n<h4 class=\"wp-block-heading\"><strong>Atti dei Dirigenti<\/strong><\/h4>\n\n\n\n<p><a href=\"https:\/\/jcity-arvier.partout.it\/web\/trasparenza\/papca-p\/-\/papca\/display\/71797\">Determina n. 103\/2024 del 08\/07\/2024 &#8211; Approvazione degli impegni di spesa\/Accertamento di entrata<\/a> (Institut Agricole R\u00e9gional)<br><a href=\"https:\/\/jcity-arvier.partout.it\/web\/trasparenza\/papca-ap?p_p_id=jcitygovalbopubblicazioni_WAR_jcitygovalbiportlet&amp;p_p_lifecycle=2&amp;p_p_state=pop_up&amp;p_p_mode=view&amp;p_p_resource_id=downloadAllegato&amp;p_p_cacheability=cacheLevelPage&amp;_jcitygovalbopubblicazioni_WAR_jcitygovalbiportlet_downloadSigned=true&amp;_jcitygovalbopubblicazioni_WAR_jcitygovalbiportlet_id=320211&amp;_jcitygovalbopubblicazioni_WAR_jcitygovalbiportlet_action=mostraDettaglio&amp;_jcitygovalbopubblicazioni_WAR_jcitygovalbiportlet_fromAction=recuperaDettaglio\">Determina n. 257\/2024 del 06\/12\/2024 &#8211; APPROVAZIONE SAL 1 PER LE SPESE SOSTENUTE FINO AL 31\/10\/2024<\/a><\/p>\n\n\n\n<hr class=\"wp-block-separator has-alpha-channel-opacity\"\/>\n\n\n\n<h2 class=\"wp-block-heading\">Report avanzamento attivit\u00e0 dei soggetti realizzatori esterni<\/h2>\n\n\n\n<div data-wp-interactive=\"core\/file\" class=\"wp-block-file\"><object data-wp-bind--hidden=\"!state.hasPdfPreview\" hidden class=\"wp-block-file__embed\" data=\"https:\/\/arvier.eu\/wp-content\/uploads\/2025\/08\/Avanzamento_IAR-1.pdf\" type=\"application\/pdf\" style=\"width:100%;height:200px\" aria-label=\"Contenu embarqu\u00e9 Istitut Agricole R\u00e9gional - Monitoraggio - Avanzamento fisico 31\/07\/2025.\"><\/object><a id=\"wp-block-file--media-b2917a7d-a54d-4eb6-91af-02ce2710fdbb\" href=\"https:\/\/arvier.eu\/wp-content\/uploads\/2025\/08\/Avanzamento_IAR-1.pdf\">Istitut Agricole R\u00e9gional &#8211; Monitoraggio &#8211; Avanzamento fisico 31\/07\/2025<\/a><a href=\"https:\/\/arvier.eu\/wp-content\/uploads\/2025\/08\/Avanzamento_IAR-1.pdf\" class=\"wp-block-file__button wp-element-button\" download aria-describedby=\"wp-block-file--media-b2917a7d-a54d-4eb6-91af-02ce2710fdbb\">Download<\/a><\/div>\n\n\n\n<hr class=\"wp-block-separator has-alpha-channel-opacity\"\/>\n\n\n\n<h2 class=\"wp-block-heading\">I contratti sottoscritti dal Comune di Arvier<\/h2>\n\n\n\n<div class=\"wp-block-group\"><div class=\"wp-block-group__inner-container is-layout-constrained wp-block-group-is-layout-constrained\">\n<div class=\"wp-block-columns is-layout-flex wp-container-core-columns-is-layout-9d6595d7 wp-block-columns-is-layout-flex\">\n<div class=\"wp-block-column is-layout-flow wp-block-column-is-layout-flow\" style=\"flex-basis:100%\">\n<!-- Stili personalizzati per la tabella -->\n<style>\n  .cig-table {\n    font-size: 10px;\n    width: 100%;\n    border-collapse: collapse;\n  }\n\n  .cig-table th,\n  .cig-table td {\n    padding: 8px;\n    border: 1px solid #ddd;\n    vertical-align: middle;\n  }\n\n  .cig-table th {\n    background-color: #f2f2f2;\n    text-align: center;\n  }\n\n  .cig-table td {\n    text-align: left;\n  }\n\n  .cig-table .row-number {\n    text-align: center;\n    vertical-align: middle;\n    font-weight: bold;\n  }\n\n  .cig-table a {\n    color: #007bff;\n    text-decoration: none;\n  }\n\n  .cig-table a:hover {\n    text-decoration: underline;\n  }\n<\/style>\n\n<!-- Tabella WP04 -->\n<table class=\"cig-table\">\n  <thead>\n    <tr>\n      <th>N.<\/th>\n      <th>Oggetto<\/th>\n      <th>CIG<\/th>\n      <th>Stato<\/th>\n      <th>Procedura<\/th>\n      <th>Aggiudicatario<\/th>\n      <th>Valore base d\u2019asta<\/th>\n      <th>Importo aggiudicazione<\/th>\n      <th>Spese sostenute<\/th>\n      <th>Link BNCP<\/th>\n    <\/tr>\n  <\/thead>\n  <tbody>\n    <!-- CONTRATTO 1: Studio Finocchiaro -->\n    <tr>\n      <td class=\"row-number\" rowspan=\"3\">1<\/td>\n      <td>SERVIZIO LEGALE DI SUPPORTO AL RESPONSABILE UNICO DEL PROCEDIMENTO RELATIVO ALLA REALIZZAZIONE DEI LABORATORI TEMATICI<\/td>\n      <td>98266475A2<\/td>\n      <td>In corso<\/td>\n      <td>Affido diretto<\/td>\n      <td>Studio Legale Associato Finocchiaro Formentin Saracco<\/td>\n      <td>\u20ac 39.832,00<\/td>\n      <td>\u20ac 39.832,00<\/td>\n      <td>\u20ac 3.148,11<\/td>\n      <td><a href=\"https:\/\/dati.anticorruzione.it\/superset\/dashboard\/dettaglio_cig\/?cig=98266475A2&amp;standalone=2\" target=\"_blank\">Dettaglio BNCP<\/a><\/td>\n    <\/tr>\n    <tr>\n      <th colspan=\"4\">Documentazione amministrativa<\/th>\n      <th colspan=\"5\">Atti di liquidazione<\/th>\n    <\/tr>\n    <tr>\n      <td colspan=\"4\">\n        <a href=\"https:\/\/jcity-arvier.partout.it\/web\/trasparenza\/papca-ap\/-\/papca\/display\/21830\" target=\"_blank\">Determina di affidamento n. 32\/2023, del 16\/03\/2023<\/a>\n      <\/td>\n      <td colspan=\"5\">\n        <ul style=\"margin: 0; padding-left: 16px;\">\n          <li><a href=\"https:\/\/jcity-arvier.partout.it\/web\/trasparenza\/papca-ap\/-\/papca\/display\/77202\" target=\"_blank\">Determina n. 90 del 19\/06\/2024<\/a><\/li>\n          <li><a href=\"https:\/\/jcity-arvier.partout.it\/web\/trasparenza\/papca-p?p_p_id=jcitygovalbopubblicazioni_WAR_jcitygovalbiportlet&#038;p_p_lifecycle=2&#038;p_p_state=normal&#038;p_p_mode=view&#038;p_p_resource_id=downloadAllegato&#038;p_p_cacheability=cacheLevelPage&#038;p_p_col_id=column-1&#038;p_p_col_count=1&#038;_jcitygovalbopubblicazioni_WAR_jcitygovalbiportlet_downloadSigned=false&#038;_jcitygovalbopubblicazioni_WAR_jcitygovalbiportlet_id=315146&#038;_jcitygovalbopubblicazioni_WAR_jcitygovalbiportlet_action=mostraDettaglio&#038;_jcitygovalbopubblicazioni_WAR_jcitygovalbiportlet_fromAction=recuperaDettaglio\" target=\"_blank\">Determina n. 236 del 26\/11\/2024<\/a><\/li>\n        <\/ul>\n      <\/td>\n    <\/tr>\n  <\/tbody>\n<\/table>\n<\/div>\n<\/div>\n<\/div><\/div>\n\n\n\n<hr class=\"wp-block-separator has-alpha-channel-opacity\"\/>\n\n\n\n<h2 class=\"wp-block-heading\">Co-Programmazione ex art. 55, c. 3 del D.LGS. N. 117\/2017<\/h2>\n\n\n\n<p><a href=\"https:\/\/jcity-arvier.partout.it\/web\/trasparenza\/papca-ap\/-\/papca\/display\/122463\">Determina n. 80\/2025, del 16\/05\/2025 &#8211; APPROVAZIONE DELL\u2019AVVISO PUBBLICO PER LA PRESENTAZIONE DI PROPOSTE PROGETTUALI RELATIVE ALL\u2019INTERVENTO WP04 SOCIAL INNOVATION LAB (CLP REGIS 2.1_ARVIER_SOCIALINNOVATIONLAB)<\/a><\/p>\n\n\n\n<p><a href=\"https:\/\/jcity-arvier.partout.it\/web\/trasparenza\/papca-ap\/-\/papca\/display\/108787\">Deliberazione di Giunta comunale n. 6\/2025, del 15\/01\/2025 &#8211; PRESA D&rsquo;ATTO DEGLI ESITI DEI PROCEDIMENTI DI CO-PROGRAMMAZIONE, AI SENSI DELL&rsquo;ARTICOLO 55 DEL DECRETO LEGISLATIVO N. 117 DEL 2017 \u2018CODICE DEL TERZO SETTORE\u2019, DEGLI INTERVENTI WP4 SOCIAL INNOVATION LAB E WP05 EDUCATION LAB<\/a><\/p>\n\n\n\n<h2 class=\"wp-block-heading\">Co-Progettazione<\/h2>\n\n\n\n<p><a href=\"https:\/\/jcity-arvier.partout.it\/web\/trasparenza\/papca-ap\/-\/papca\/display\/122462\">Determina n. 80, del 16 maggio 2025 &#8211; AVVIO DEL PROCEDIMENTO DI CO-PROGETTAZIONE AI SENSI DELL\u2019ART. 55, C. 3 DEL D.LGS. N. 117\/2017, APPROVAZIONE DELL\u2019AVVISO PUBBLICO PER LA PRESENTAZIONE DI PROPOSTE PROGETTUALI RELATIVE ALL\u2019INTERVENTO WP04 SOCIAL INNOVATION LAB (CLP REGIS 2.1_ARVIER_SOCIALINNOVATIONLAB) E APPROVAZIONE DELLO SCHEMA DI CONVENZIONE<\/a><\/p>\n\n\n\n<p><a href=\"https:\/\/arvier.eu\/avviso-pubblico-di-co-progettazione-ai-sensi-dellarticolo-55-del-codice-del-terzo-settore-d-lgs-n-117-del-2017-per-la-presentazione-di-proposte-progettuali-per-la-realizzazione-di-attiv-2\/\">Link all&rsquo;Avviso Pubblico<\/a> <\/p>\n\n\n\n<p><a href=\"https:\/\/arvier.eu\/wp-content\/uploads\/2025\/06\/WP04_verbale_co-progettazione_seduta_19_06_2025_signed.pdf\">19\/06\/2025 &#8211; Verbale esito dell\u2019istruttoria amministrativa delle proposte progettuali pervenute in relazione alla partecipazione alla procedura di co-progettazione per la presentazione di proposte progettuali per la realizzazione di attivit\u00e0 nell\u2019ambito dell\u2019intervento WP04 \u2013 Social Innovation LAB<\/a><\/p>\n\n\n\n<div data-wp-interactive=\"core\/file\" class=\"wp-block-file\"><object data-wp-bind--hidden=\"!state.hasPdfPreview\" hidden class=\"wp-block-file__embed\" data=\"https:\/\/arvier.eu\/wp-content\/uploads\/2025\/06\/WP04_verbale_co-progettazione_seduta_19_06_2025_signed.pdf\" type=\"application\/pdf\" style=\"width:100%;height:200px\" aria-label=\"Contenu embarqu\u00e9 WP04_verbale_co-progettazione_seduta_19_06_2025_signed.\"><\/object><a id=\"wp-block-file--media-8b7aa403-41f7-4143-8586-c8df394fd241\" href=\"https:\/\/arvier.eu\/wp-content\/uploads\/2025\/06\/WP04_verbale_co-progettazione_seduta_19_06_2025_signed.pdf\">WP04_verbale_co-progettazione_seduta_19_06_2025_signed<\/a><a href=\"https:\/\/arvier.eu\/wp-content\/uploads\/2025\/06\/WP04_verbale_co-progettazione_seduta_19_06_2025_signed.pdf\" class=\"wp-block-file__button wp-element-button\" download aria-describedby=\"wp-block-file--media-8b7aa403-41f7-4143-8586-c8df394fd241\">Download<\/a><\/div>\n\n\n\n<p>07\/07\/2025 &#8211; Verbale esito co-progettazione<\/p>\n\n\n\n<div data-wp-interactive=\"core\/file\" class=\"wp-block-file\"><object data-wp-bind--hidden=\"!state.hasPdfPreview\" hidden class=\"wp-block-file__embed\" data=\"https:\/\/arvier.eu\/wp-content\/uploads\/2025\/07\/wp04_Verbale-seduta-riservata.pdf\" type=\"application\/pdf\" style=\"width:100%;height:200px\" aria-label=\"Contenu embarqu\u00e9 wp04_Verbale seduta riservata.\"><\/object><a id=\"wp-block-file--media-c4bf346c-a28f-4253-99e8-cc7d1473b5e9\" href=\"https:\/\/arvier.eu\/wp-content\/uploads\/2025\/07\/wp04_Verbale-seduta-riservata.pdf\">wp04_Verbale seduta riservata<\/a><a href=\"https:\/\/arvier.eu\/wp-content\/uploads\/2025\/07\/wp04_Verbale-seduta-riservata.pdf\" class=\"wp-block-file__button wp-element-button\" download aria-describedby=\"wp-block-file--media-c4bf346c-a28f-4253-99e8-cc7d1473b5e9\">Download<\/a><\/div>\n\n\n\n<div class=\"wp-block-columns is-layout-flex wp-container-core-columns-is-layout-9d6595d7 wp-block-columns-is-layout-flex\">\n<div class=\"wp-block-column is-layout-flow wp-block-column-is-layout-flow\">\n<div class=\"wp-block-group\"><div class=\"wp-block-group__inner-container is-layout-constrained wp-block-group-is-layout-constrained\">\n<figure class=\"wp-block-image size-full\"><img loading=\"lazy\" decoding=\"async\" width=\"417\" height=\"100\" src=\"https:\/\/arvier.eu\/wp-content\/uploads\/2024\/09\/logo-orizzontale-finanziato-ue.png.webp\" alt=\"\" class=\"wp-image-11174\" srcset=\"https:\/\/arvier.eu\/wp-content\/uploads\/2024\/09\/logo-orizzontale-finanziato-ue.png.webp 417w, https:\/\/arvier.eu\/wp-content\/uploads\/2024\/09\/logo-orizzontale-finanziato-ue.png-300x72.webp 300w\" sizes=\"auto, (max-width: 417px) 100vw, 417px\" \/><\/figure>\n<\/div><\/div>\n<\/div>\n\n\n\n<div class=\"wp-block-column is-layout-flow wp-block-column-is-layout-flow\">\n<div class=\"wp-block-group\"><div class=\"wp-block-group__inner-container is-layout-constrained wp-block-group-is-layout-constrained\">\n<figure class=\"wp-block-image size-full\"><img loading=\"lazy\" decoding=\"async\" width=\"616\" height=\"136\" src=\"https:\/\/arvier.eu\/wp-content\/uploads\/2024\/09\/Italia-domani.png\" alt=\"\" class=\"wp-image-11184\" srcset=\"https:\/\/arvier.eu\/wp-content\/uploads\/2024\/09\/Italia-domani.png 616w, https:\/\/arvier.eu\/wp-content\/uploads\/2024\/09\/Italia-domani-300x66.png 300w\" sizes=\"auto, (max-width: 616px) 100vw, 616px\" \/><\/figure>\n<\/div><\/div>\n<\/div>\n\n\n\n<div class=\"wp-block-column is-layout-flow wp-block-column-is-layout-flow\">\n<div class=\"wp-block-group\"><div class=\"wp-block-group__inner-container is-layout-constrained wp-block-group-is-layout-constrained\">\n<figure class=\"wp-block-image size-full is-resized\"><img loading=\"lazy\" decoding=\"async\" width=\"354\" height=\"146\" src=\"https:\/\/arvier.eu\/wp-content\/uploads\/2024\/09\/Ministero-cultura.png\" alt=\"\" class=\"wp-image-11186\" style=\"width:158px;height:auto\" srcset=\"https:\/\/arvier.eu\/wp-content\/uploads\/2024\/09\/Ministero-cultura.png 354w, https:\/\/arvier.eu\/wp-content\/uploads\/2024\/09\/Ministero-cultura-300x124.png 300w\" sizes=\"auto, (max-width: 354px) 100vw, 354px\" \/><\/figure>\n<\/div><\/div>\n<\/div>\n<\/div>\n\n\n\n<h3 class=\"wp-block-heading\" id=\"block-b7a515b3-525e-4301-837d-1c749b3611b3\">Contatti<\/h3>\n\n\n\n<p id=\"block-4c45b219-59bb-49d2-8e98-0726d5ade60a\">Struttura temporanea di Progetto PNRR Agile Arvier<br>Comune di Arvier<\/p>\n\n\n<div class=\"wp-block-image\">\n<figure class=\"aligncenter size-full is-resized\"><img loading=\"lazy\" decoding=\"async\" width=\"1024\" height=\"1024\" src=\"https:\/\/arvier.eu\/wp-content\/uploads\/2024\/09\/image.jpg\" alt=\"\" class=\"wp-image-11275\" style=\"width:609px;height:auto\" srcset=\"https:\/\/arvier.eu\/wp-content\/uploads\/2024\/09\/image.jpg 1024w, https:\/\/arvier.eu\/wp-content\/uploads\/2024\/09\/image-300x300.jpg 300w, https:\/\/arvier.eu\/wp-content\/uploads\/2024\/09\/image-150x150.jpg 150w, https:\/\/arvier.eu\/wp-content\/uploads\/2024\/09\/image-768x768.jpg 768w, https:\/\/arvier.eu\/wp-content\/uploads\/2024\/09\/image-80x80.jpg 80w, https:\/\/arvier.eu\/wp-content\/uploads\/2024\/09\/image-512x512.jpg 512w\" sizes=\"auto, (max-width: 1024px) 100vw, 1024px\" \/><\/figure>\n<\/div>\n\n\n<p><strong>Disclaimer:<\/strong> Questa immagine \u00e8 stata creata con l&rsquo;assistenza di ChatGPT, un modello di intelligenza artificiale sviluppato da OpenAI. Le immagini generate rappresentano produzioni artistiche basate su descrizioni testuali liberamente interpretate dall\u2019IA.<\/p>\n\n\n\n<hr class=\"wp-block-separator has-alpha-channel-opacity\"\/>\n\n\n\n<p><\/p>\n","protected":false},"excerpt":{"rendered":"<p>Il Social InnovationLAB si concentra sull&rsquo;innovazione sociale e sul miglioramento della coesione economica e sociale nelle aree rurali e montane.<\/p>\n","protected":false},"author":11,"featured_media":0,"parent":11178,"menu_order":3,"comment_status":"closed","ping_status":"closed","template":"","meta":{"footnotes":""},"tags":[],"class_list":["post-11264","page","type-page","status-publish","hentry"],"publishpress_future_action":{"enabled":false,"date":"2026-05-08 01:21:15","action":"change-status","newStatus":"draft","terms":[],"taxonomy":"post_tag","extraData":[]},"publishpress_future_workflow_manual_trigger":{"enabledWorkflows":[]},"_links":{"self":[{"href":"https:\/\/arvier.eu\/fr\/wp-json\/wp\/v2\/pages\/11264","targetHints":{"allow":["GET"]}}],"collection":[{"href":"https:\/\/arvier.eu\/fr\/wp-json\/wp\/v2\/pages"}],"about":[{"href":"https:\/\/arvier.eu\/fr\/wp-json\/wp\/v2\/types\/page"}],"author":[{"embeddable":true,"href":"https:\/\/arvier.eu\/fr\/wp-json\/wp\/v2\/users\/11"}],"replies":[{"embeddable":true,"href":"https:\/\/arvier.eu\/fr\/wp-json\/wp\/v2\/comments?post=11264"}],"version-history":[{"count":3,"href":"https:\/\/arvier.eu\/fr\/wp-json\/wp\/v2\/pages\/11264\/revisions"}],"predecessor-version":[{"id":13103,"href":"https:\/\/arvier.eu\/fr\/wp-json\/wp\/v2\/pages\/11264\/revisions\/13103"}],"up":[{"embeddable":true,"href":"https:\/\/arvier.eu\/fr\/wp-json\/wp\/v2\/pages\/11178"}],"wp:attachment":[{"href":"https:\/\/arvier.eu\/fr\/wp-json\/wp\/v2\/media?parent=11264"}],"wp:term":[{"taxonomy":"post_tag","embeddable":true,"href":"https:\/\/arvier.eu\/fr\/wp-json\/wp\/v2\/tags?post=11264"}],"curies":[{"name":"wp","href":"https:\/\/api.w.org\/{rel}","templated":true}]}}