{"id":11319,"date":"2024-09-11T17:33:50","date_gmt":"2024-09-11T15:33:03","guid":{"rendered":"https:\/\/arvier.eu\/?page_id=11319"},"modified":"2025-05-19T11:49:20","modified_gmt":"2025-05-19T09:49:20","slug":"wp06b-maisons-coliving-coworking-houses-agile-agora-arvier","status":"publish","type":"page","link":"https:\/\/arvier.eu\/fr\/attuazione-misure-pnrr\/il-progetto-agile-arvier-la-cultura-del-cambiamento\/wp06b-maisons-coliving-coworking-houses-agile-agora-arvier\/","title":{"rendered":"WP06B &#8211; Maisons coliving\/coworking (Agile Agor\u00e0 Arvier)"},"content":{"rendered":"\n<h2 class=\"wp-block-heading\" id=\"block-e3c6884e-3502-496c-b560-a39b9747b135\"><strong>Agile Agor\u00e0 Arvier: polo innovativo per la Co-innovazione Comunitaria<\/strong><\/h2>\n\n\n\n<p id=\"block-e3c6884e-3502-496c-b560-a39b9747b135\">Agile Agor\u00e0 Arvier, incentrato sulla riqualificazione dell&rsquo;ex scuola materna\/elementare, si propone di creare un centro multifunzionale per <em>coliving, coworking<\/em> e attivit\u00e0 culturali, formative educative e ricreative. Questo spazio polivalente sar\u00e0 progettato con la partecipazione della comunit\u00e0, di enti della formazione professionale e delle associazioni locali, garantendo che risponda alle esigenze del territorio, in termini attuali e futuri.<\/p>\n\n\n\n<p id=\"block-e3c6884e-3502-496c-b560-a39b9747b135\">Con il supporto dell&rsquo;Institut Agricole R\u00e9gional si prevede l&rsquo;insediamento nella struttura di un FABLAB sull&rsquo;agroalimentare e un centro dedicato alla formazione professionale.<\/p>\n\n\n\n<p id=\"block-e3c6884e-3502-496c-b560-a39b9747b135\">Grazie a questo intervento, Arvier diventer\u00e0 un punto di riferimento per l&rsquo;educazione, la formazione e l&rsquo;aggiornamento professionale.<br><\/p>\n\n\n\n<hr class=\"wp-block-separator has-alpha-channel-opacity\"\/>\n\n\n\n<h2 class=\"wp-block-heading\"><strong>Descrizione dell&rsquo;edificio<\/strong><\/h2>\n\n\n\n<p>L\u2019ex scuola materna\/elementare di Arvier si sviluppa su tre piani, per una superficie complessiva di circa 450 metri quadrati. L\u2019edificio si trova in una posizione privilegiata, adiacente alla biblioteca comunale e all\u2019auditorium, immerso in un contesto naturale con boschi e aree verdi a poca distanza.<\/p>\n\n\n\n<p>L\u2019intervento prevede la demolizione dell\u2019edificio esistente e la sua ricostruzione secondo standard moderni di sostenibilit\u00e0 e accessibilit\u00e0.<\/p>\n\n\n\n<figure class=\"wp-block-image size-large\"><img loading=\"lazy\" decoding=\"async\" width=\"1024\" height=\"769\" src=\"https:\/\/arvier.eu\/wp-content\/uploads\/2024\/09\/AAA-1024x769.jpg\" alt=\"\" class=\"wp-image-11314\" srcset=\"https:\/\/arvier.eu\/wp-content\/uploads\/2024\/09\/AAA-1024x769.jpg 1024w, https:\/\/arvier.eu\/wp-content\/uploads\/2024\/09\/AAA-300x225.jpg 300w, https:\/\/arvier.eu\/wp-content\/uploads\/2024\/09\/AAA-768x577.jpg 768w, https:\/\/arvier.eu\/wp-content\/uploads\/2024\/09\/AAA.jpg 1416w\" sizes=\"auto, (max-width: 1024px) 100vw, 1024px\" \/><\/figure>\n\n\n\n<hr class=\"wp-block-separator has-alpha-channel-opacity\"\/>\n\n\n\n<h2 class=\"wp-block-heading\" id=\"block-63f40cc8-3286-47cc-9a64-fe76ac79fb01\"><strong>Obiettivi Specifici<\/strong> dell&rsquo;intervento<\/h2>\n\n\n\n<ul class=\"wp-block-list\">\n<li><strong>Valorizzazione dell\u2019artigianato tradizionale<\/strong>: Creazione di laboratori per la modernizzazione e la promozione dei mestieri artigianali, incentivando la collaborazione tra artigiani locali e innovatori.<\/li>\n\n\n\n<li><strong>Spazi educativi immersivi<\/strong>: Progettazione di aule e laboratori interattivi dotati di tecnologie avanzate, come la realt\u00e0 aumentata e virtuale, per offrire esperienze educative innovative legate alla cultura e alla storia locale.<\/li>\n\n\n\n<li><strong>Sostenibilit\u00e0 energetica<\/strong>: L&rsquo;edificio sar\u00e0 un esempio di efficienza energetica, utilizzato anche per programmi educativi dedicati alla sensibilizzazione su tematiche ambientali.<\/li>\n\n\n\n<li><strong>Eventi e workshop<\/strong>: Organizzazione di eventi transdisciplinari e workshop per promuovere l&rsquo;innovazione sociale, culturale ed educativa, rafforzando il ruolo di Arvier come centro di riferimento per la co-innovazione alpina.<\/li>\n\n\n\n<li><strong>Co-working e co-living<\/strong>: Spazi flessibili per start-up culturali e creative, con l&rsquo;obiettivo di favorire lo sviluppo di nuove iniziative nel settore delle industrie culturali e creative.<\/li>\n<\/ul>\n\n\n\n<p>La vocazione definitiva dell&rsquo;intervento sar\u00e0 oggetto di un percorso di co-costruzione con i Partner di Progetto e la comunit\u00e0.<\/p>\n\n\n\n<hr class=\"wp-block-separator has-alpha-channel-opacity\"\/>\n\n\n\n<h2 class=\"wp-block-heading\" id=\"block-344654d6-a387-4aa7-ad7e-a370fb7f951d\">Risultati attesi<\/h2>\n\n\n\n<ul class=\"wp-block-list\">\n<li><strong>Rafforzamento della coesione sociale<\/strong>: Grazie alla partecipazione della comunit\u00e0 alla progettazione degli spazi, il centro diventer\u00e0 un punto di riferimento per l&rsquo;aggregazione, la formazione e la collaborazione.<\/li>\n\n\n\n<li><strong>Innovazione e sostenibilit\u00e0<\/strong>: L\u2019Agor\u00e0 diventer\u00e0 un esempio di architettura sostenibile e innovazione sociale, con un impatto duraturo sul territorio.<\/li>\n\n\n\n<li><strong>Promozione delle industrie culturali e creative<\/strong>: Attraverso spazi dedicati al coworking e al coliving, si promuoveranno iniziative nel campo delle industrie culturali, rafforzando l&rsquo;identit\u00e0 locale.<\/li>\n<\/ul>\n\n\n\n<hr class=\"wp-block-separator has-alpha-channel-opacity\"\/>\n\n\n\n<h2 class=\"wp-block-heading\">Attivit\u00e0 previste<\/h2>\n\n\n\n<ul class=\"wp-block-list\">\n<li><strong>Progettazione dell&rsquo;intervento <\/strong>(demolizione e ricostruzione).<\/li>\n\n\n\n<li><strong>Cantieri evento<\/strong> in materia di edilizia\/efficientamento energetico.<\/li>\n\n\n\n<li><strong>Percorsi di co-creazione<\/strong> con la comunit\u00e0<\/li>\n<\/ul>\n\n\n\n<hr class=\"wp-block-separator has-alpha-channel-opacity\"\/>\n\n\n\n<h2 class=\"wp-block-heading\">Piano finanziario<\/h2>\n\n\n\n<p><strong>PNRR: \u20ac 2.546.285,00<\/strong><\/p>\n\n\n\n<figure class=\"wp-block-table\"><table class=\"has-fixed-layout\"><tbody><tr><td class=\"has-text-align-left\" data-align=\"left\"><strong>Tipologia di spesa<\/strong><\/td><td><strong>Importo<\/strong><\/td><\/tr><tr><td class=\"has-text-align-left\" data-align=\"left\"><strong>Lavori<\/strong><\/td><td>1.708.000,00 \u20ac<\/td><\/tr><tr><td class=\"has-text-align-left\" data-align=\"left\"><strong>Progettazione e studi<\/strong><\/td><td>512.807,02 \u20ac<\/td><\/tr><tr><td class=\"has-text-align-left\" data-align=\"left\"><strong>Incentivi per funzioni tecniche<\/strong><\/td><td>28.000,00 \u20ac<\/td><\/tr><tr><td class=\"has-text-align-left\" data-align=\"left\"><strong>Imprevisti\/Accantonamenti<\/strong><\/td><td>287.717,98 \u20ac<\/td><\/tr><tr><td class=\"has-text-align-left\" data-align=\"left\"><strong>Altre somme a disposizione<\/strong><\/td><td>9.760,00 \u20ac<\/td><\/tr><tr><td class=\"has-text-align-left\" data-align=\"left\"><strong>Totale<\/strong><\/td><td>2.546.285,00 \u20ac<\/td><\/tr><\/tbody><\/table><\/figure>\n\n\n\n<hr class=\"wp-block-separator has-alpha-channel-opacity\"\/>\n\n\n\n<h2 class=\"wp-block-heading\">Stato di avanzamento:<\/h2>\n\n\n\n<p><strong><em>PFTE Fase demolizione<\/em><\/strong> &#8211; In corso procedure di affidamento dei lavori di demolizione<br>Approvazione del Progetto esecutivo &#8211; <a href=\"https:\/\/jcity-arvier.partout.it\/web\/trasparenza\/papca-ap\/-\/papca\/display\/118162\">Deliberazione di Giunta comunale n. 36\/2025, del 14\/04\/2025<\/a><\/p>\n\n\n\n<p><strong><em>PFTE Fase di ricostruzione in corso di verifica<\/em><\/strong><strong><\/strong><\/p>\n\n\n\n<p><strong>Avanzamento della spesa<\/strong><br>Impegni\/Prenotazioni di spesa al 19\/04\/2025: 499.919,03 \u20ac<br>Spesa sostenuta al 30\/04\/2025: 250,00 \u20ac<\/p>\n\n\n\n<h2 class=\"wp-block-heading\">Contratti in essere<\/h2>\n\n\n\n<hr class=\"wp-block-separator has-alpha-channel-opacity is-style-dots\"\/>\n\n\n\n<p><strong>Contratto: <\/strong>SERVIZI ATTINENTI ALL&rsquo;ARCHITETTURA E ALL&rsquo;INGEGNERIA RELATIVI AI LAVORI PREVISTI NELL&rsquo;INTERVENTO DENOMINATO AGILE AGOR\u00c0 ARVIER (PFTE, DL, CSP E CSE)<br><strong>CIG:<\/strong>&nbsp;B238577BC5<br><strong>Stato:<\/strong>&nbsp;Contratto aggiudicato<br><strong>Procedura: <\/strong>Procedura aperta<br><strong>Aggiudicatario: <\/strong>RTP Arch. Laura Lova, Arch. Laura Sandoval Palacios, Arch. Luca Galleano, Pastoret Engineering &amp; Consulting S.r.l., InGeoLab S.r.l., Vibes S.r.l.<br><strong>Link alla BNCP: <\/strong><a href=\"https:\/\/dati.anticorruzione.it\/superset\/dashboard\/dettaglio_cig\/?cig=B238577BC5&amp;standalone=2\" target=\"_blank\" rel=\"noreferrer noopener\">Link alla BNCP<\/a><br><strong>Valore base d&rsquo;asta:<\/strong>&nbsp;365.786,33 \u20ac<br><strong>Importo di Aggiudicazione:<\/strong>&nbsp;317.266,14 \u20ac oltre Oneri di legge (5%) e IVA 22%<br><strong>Stato avanzamento spese:<\/strong>&nbsp;0 \u20ac<br><strong>Pagamenti\/Liquidazioni:<\/strong>&nbsp;In aggiornamento<\/p>\n\n\n\n<p><strong>Documentazione relativa alla procedura di gara<\/strong><\/p>\n\n\n\n<ul class=\"wp-block-list\">\n<li><strong>Documentazione di gara:<\/strong> <a href=\"https:\/\/place-vda.aflink.it\/portalegare\/index.php\/bandi?getdettaglio=yes&amp;bando=533684&amp;tipobando=Bando&amp;RicQ=NO&amp;VisQ=SI&amp;tipoDoc=BANDO_GARA_PORTALE&amp;xslt=XSLT_BANDO_GARA_PORTALE&amp;scadenzaBando=2024-07-29T12:00:00&amp;jk=\" target=\"_blank\" rel=\"noreferrer noopener\">Link a PlaCe-VdA<\/a><\/li>\n\n\n\n<li><strong>Aggiudicazione definitiva:<\/strong> <a href=\"https:\/\/jcity-arvier.partout.it\/web\/trasparenza\/papca-ap?p_p_id=jcitygovalbopubblicazioni_WAR_jcitygovalbiportlet&amp;p_p_lifecycle=2&amp;p_p_state=pop_up&amp;p_p_mode=view&amp;p_p_resource_id=downloadAllegato&amp;p_p_cacheability=cacheLevelPage&amp;_jcitygovalbopubblicazioni_WAR_jcitygovalbiportlet_downloadSigned=false&amp;_jcitygovalbopubblicazioni_WAR_jcitygovalbiportlet_id=330405&amp;_jcitygovalbopubblicazioni_WAR_jcitygovalbiportlet_action=mostraDettaglio&amp;_jcitygovalbopubblicazioni_WAR_jcitygovalbiportlet_fromAction=recuperaDettaglio\">Determina Dirigenziale n. 294, del 20\/12\/2024<\/a><\/li>\n<\/ul>\n\n\n\n<p><strong>Obblighi di trasparenza ex art. 15 c.1 del dlgs n. 33\/2013 e art. 28 c.2 del dlgs n. 36\/2023<\/strong><\/p>\n\n\n\n<ul class=\"wp-block-list\">\n<li>Esiti, pubblicazioni e Commissione giudicatrice (CV): <a href=\"https:\/\/place-vda.aflink.it\/portalegare\/index.php\/bandi?getdettaglio=yes&amp;bando=533684&amp;tipobando=Bando&amp;RicQ=NO&amp;VisQ=SI&amp;tipoDoc=BANDO_GARA_PORTALE&amp;xslt=XSLT_BANDO_GARA_PORTALE&amp;scadenzaBando=2024-07-29T12:00:00&amp;jk=\">Link a PlaCe-VdA<\/a><\/li>\n\n\n\n<li>Determina di approvazione e liquidazione dei compensi della Commissione giudicatrice: in corso<\/li>\n\n\n\n<li>Compensi erogati alla Commissione giudicatrice: in via di erogazione<\/li>\n\n\n\n<li>Costo complessivo sostenuto dall&rsquo;Amministrazione per la Commissione giudicatrice: euro 4.028,26<\/li>\n<\/ul>\n\n\n\n<hr class=\"wp-block-separator has-alpha-channel-opacity is-style-dots\"\/>\n\n\n\n<p><strong>Contratto:<\/strong>\u00a0 SERVIZIO DI VERIFICA DEL PROGETTO DI FATTIBILIT\u00c0 TECNICA ED ECONOMICA (PFTE) E DEL PROGETTO ESECUTIVO (PE) NELL\u2019INTERVENTO DENOMINATO AGILE AGOR\u00c0 ARVIER<br><strong>CIG:<\/strong>\u00a0B56746D311<br><strong>Stato:<\/strong>\u00a0In corso<br><strong>Procedura:<\/strong>\u00a0Affidamento diretto<br><strong>Affidatario:<\/strong>\u00a0PROTOS CHECK<br><strong>Link alla BNCP:<\/strong>\u00a0 <a href=\"https:\/\/dati.anticorruzione.it\/superset\/dashboard\/dettaglio_cig\/?cig=B56746D311&amp;standalone=2\" target=\"_blank\" rel=\"noreferrer noopener\">Dettagli<\/a><br><strong>Valore base d\u2019asta:<\/strong>\u00a042.043,19<br><strong>Importo di Aggiudicazione:<\/strong>\u00a0 42.043,19<br><strong>Stato avanzamento spese:<\/strong>\u00a00 \u20ac<br><strong>Documentazione: <\/strong><a href=\"https:\/\/jcity-arvier.partout.it\/web\/trasparenza\/papca-p?p_p_id=jcitygovalbopubblicazioni_WAR_jcitygovalbiportlet&amp;p_p_lifecycle=2&amp;p_p_state=normal&amp;p_p_mode=view&amp;p_p_resource_id=downloadAllegato&amp;p_p_cacheability=cacheLevelPage&amp;p_p_col_id=column-1&amp;p_p_col_count=1&amp;_jcitygovalbopubblicazioni_WAR_jcitygovalbiportlet_downloadSigned=false&amp;_jcitygovalbopubblicazioni_WAR_jcitygovalbiportlet_id=346606&amp;_jcitygovalbopubblicazioni_WAR_jcitygovalbiportlet_action=mostraDettaglio&amp;_jcitygovalbopubblicazioni_WAR_jcitygovalbiportlet_fromAction=recuperaDettaglio\">Determina di affidamento del servizio n. 14 del 06\/02\/2025<\/a> <\/p>\n\n\n\n<hr class=\"wp-block-separator has-alpha-channel-opacity is-style-dots\"\/>\n\n\n\n<p><strong>Contratto:<\/strong>\u00a0SUPPORTO LEGALE AL RESPONSABILE UNICO DEL PROGETTO \u2013 AZIONE 06B NELL\u2019INTERVENTO DENOMINATO AGILE AGOR\u00c0 ARVIER<br><strong>CIG:<\/strong>\u00a0 B6B8294B3B<br><strong>Stato:<\/strong>\u00a0In corso<br><strong>Procedura:<\/strong>\u00a0Affidamento diretto<br><strong>Affidatario:<\/strong>\u00a0STUDIO LEGALE FINOCCHIARO FORMENTIN SARACCO E ASSOCIATI<br><strong>Link alla BNCP:<\/strong>\u00a0 <a href=\"https:\/\/dati.anticorruzione.it\/superset\/dashboard\/dettaglio_cig\/?cig=B6B8294B3B&amp;standalone=2\">Dettagli<\/a><br><strong>Valore base d\u2019asta:<\/strong>\u00a039.832,00 \u20ac<br><strong>Importo di Aggiudicazione:<\/strong>\u00a0 39.832,00 \u20ac<br><strong>Stato avanzamento spese:<\/strong>\u00a00<br><strong>Documentazione:<\/strong>\u00a0 <a href=\"https:\/\/jcity-arvier.partout.it\/web\/trasparenza\/papca-p?p_p_id=jcitygovalbopubblicazioni_WAR_jcitygovalbiportlet&amp;p_p_lifecycle=2&amp;p_p_state=normal&amp;p_p_mode=view&amp;p_p_resource_id=downloadAllegato&amp;p_p_cacheability=cacheLevelPage&amp;p_p_col_id=column-1&amp;p_p_col_count=1&amp;_jcitygovalbopubblicazioni_WAR_jcitygovalbiportlet_downloadSigned=false&amp;_jcitygovalbopubblicazioni_WAR_jcitygovalbiportlet_id=375254&amp;_jcitygovalbopubblicazioni_WAR_jcitygovalbiportlet_action=mostraDettaglio&amp;_jcitygovalbopubblicazioni_WAR_jcitygovalbiportlet_fromAction=recuperaDettaglio\">Determina di affidamento del servizio n. 71 del 07\/05\/2025<\/a> <\/p>\n\n\n\n<hr class=\"wp-block-separator has-alpha-channel-opacity is-style-dots\"\/>\n\n\n\n<h2 class=\"wp-block-heading\"><strong>Documentazione progettuale<\/strong><\/h2>\n\n\n\n<p><a href=\"https:\/\/arvier.eu\/wp-content\/uploads\/2024\/09\/Documento_Di_Indirizzo_Alla_Progettazione_Agile-Agora_signed.pdf\">Documento di indirizzo alla progettazione<\/a><\/p>\n\n\n\n<hr class=\"wp-block-separator has-alpha-channel-opacity\"\/>\n\n\n\n<div class=\"wp-block-columns is-layout-flex wp-container-core-columns-is-layout-9d6595d7 wp-block-columns-is-layout-flex\">\n<div class=\"wp-block-column is-layout-flow wp-block-column-is-layout-flow\">\n<div class=\"wp-block-group\"><div class=\"wp-block-group__inner-container is-layout-constrained wp-block-group-is-layout-constrained\">\n<figure class=\"wp-block-image size-full\"><img loading=\"lazy\" decoding=\"async\" width=\"417\" height=\"100\" src=\"https:\/\/arvier.eu\/wp-content\/uploads\/2024\/09\/logo-orizzontale-finanziato-ue.png.webp\" alt=\"\" class=\"wp-image-11174\" srcset=\"https:\/\/arvier.eu\/wp-content\/uploads\/2024\/09\/logo-orizzontale-finanziato-ue.png.webp 417w, https:\/\/arvier.eu\/wp-content\/uploads\/2024\/09\/logo-orizzontale-finanziato-ue.png-300x72.webp 300w\" sizes=\"auto, (max-width: 417px) 100vw, 417px\" \/><\/figure>\n<\/div><\/div>\n<\/div>\n\n\n\n<div class=\"wp-block-column is-layout-flow wp-block-column-is-layout-flow\">\n<div class=\"wp-block-group\"><div class=\"wp-block-group__inner-container is-layout-constrained wp-block-group-is-layout-constrained\">\n<figure class=\"wp-block-image size-full\"><img loading=\"lazy\" decoding=\"async\" width=\"616\" height=\"136\" src=\"https:\/\/arvier.eu\/wp-content\/uploads\/2024\/09\/Italia-domani.png\" alt=\"\" class=\"wp-image-11184\" srcset=\"https:\/\/arvier.eu\/wp-content\/uploads\/2024\/09\/Italia-domani.png 616w, https:\/\/arvier.eu\/wp-content\/uploads\/2024\/09\/Italia-domani-300x66.png 300w\" sizes=\"auto, (max-width: 616px) 100vw, 616px\" \/><\/figure>\n<\/div><\/div>\n<\/div>\n\n\n\n<div class=\"wp-block-column is-layout-flow wp-block-column-is-layout-flow\">\n<div class=\"wp-block-group\"><div class=\"wp-block-group__inner-container is-layout-constrained wp-block-group-is-layout-constrained\">\n<figure class=\"wp-block-image size-full is-resized\"><img loading=\"lazy\" decoding=\"async\" width=\"354\" height=\"146\" src=\"https:\/\/arvier.eu\/wp-content\/uploads\/2024\/09\/Ministero-cultura.png\" alt=\"\" class=\"wp-image-11186\" style=\"width:158px;height:auto\" srcset=\"https:\/\/arvier.eu\/wp-content\/uploads\/2024\/09\/Ministero-cultura.png 354w, https:\/\/arvier.eu\/wp-content\/uploads\/2024\/09\/Ministero-cultura-300x124.png 300w\" sizes=\"auto, (max-width: 354px) 100vw, 354px\" \/><\/figure>\n<\/div><\/div>\n<\/div>\n<\/div>\n\n\n\n<h2 class=\"wp-block-heading\" id=\"block-b7a515b3-525e-4301-837d-1c749b3611b3\"><strong>Contatti<\/strong><\/h2>\n\n\n\n<p id=\"block-4c45b219-59bb-49d2-8e98-0726d5ade60a\">Struttura temporanea di Progetto PNRR Agile Arvier<br>Comune di Arvier<\/p>\n\n\n\n<p>RUP: Arch. Maurizio Caputo<br>Dirigente responsabile: Dott. Gianluca Tripodi<\/p>\n\n\n\n<hr class=\"wp-block-separator has-alpha-channel-opacity\"\/>\n\n\n\n<p><\/p>\n","protected":false},"excerpt":{"rendered":"<p>Agile Agor\u00e0 Arvier: polo innovativo per la Co-innovazione Comunitaria Agile Agor\u00e0 Arvier, incentrato sulla riqualificazione dell&rsquo;ex scuola materna\/elementare, si propone di creare un centro multifunzionale per coliving, coworking e attivit\u00e0 culturali, formative educative e ricreative.<\/p>\n","protected":false},"author":11,"featured_media":0,"parent":11178,"menu_order":6,"comment_status":"closed","ping_status":"closed","template":"","meta":{"footnotes":""},"tags":[],"class_list":["post-11319","page","type-page","status-publish","hentry"],"publishpress_future_action":{"enabled":false,"date":"2026-05-08 01:32:32","action":"change-status","newStatus":"draft","terms":[],"taxonomy":"post_tag","extraData":[]},"publishpress_future_workflow_manual_trigger":{"enabledWorkflows":[]},"_links":{"self":[{"href":"https:\/\/arvier.eu\/fr\/wp-json\/wp\/v2\/pages\/11319","targetHints":{"allow":["GET"]}}],"collection":[{"href":"https:\/\/arvier.eu\/fr\/wp-json\/wp\/v2\/pages"}],"about":[{"href":"https:\/\/arvier.eu\/fr\/wp-json\/wp\/v2\/types\/page"}],"author":[{"embeddable":true,"href":"https:\/\/arvier.eu\/fr\/wp-json\/wp\/v2\/users\/11"}],"replies":[{"embeddable":true,"href":"https:\/\/arvier.eu\/fr\/wp-json\/wp\/v2\/comments?post=11319"}],"version-history":[{"count":0,"href":"https:\/\/arvier.eu\/fr\/wp-json\/wp\/v2\/pages\/11319\/revisions"}],"up":[{"embeddable":true,"href":"https:\/\/arvier.eu\/fr\/wp-json\/wp\/v2\/pages\/11178"}],"wp:attachment":[{"href":"https:\/\/arvier.eu\/fr\/wp-json\/wp\/v2\/media?parent=11319"}],"wp:term":[{"taxonomy":"post_tag","embeddable":true,"href":"https:\/\/arvier.eu\/fr\/wp-json\/wp\/v2\/tags?post=11319"}],"curies":[{"name":"wp","href":"https:\/\/api.w.org\/{rel}","templated":true}]}}