{"id":11363,"date":"2024-09-12T11:03:18","date_gmt":"2024-09-12T09:03:18","guid":{"rendered":"https:\/\/arvier.eu\/?page_id=11363"},"modified":"2025-01-31T08:20:22","modified_gmt":"2025-01-31T07:20:22","slug":"wp11-comunicazione","status":"publish","type":"page","link":"https:\/\/arvier.eu\/fr\/attuazione-misure-pnrr\/il-progetto-agile-arvier-la-cultura-del-cambiamento\/wp11-comunicazione\/","title":{"rendered":"WP11 &#8211; Comunicazione"},"content":{"rendered":"\n<h2 class=\"wp-block-heading\" id=\"block-e3c6884e-3502-496c-b560-a39b9747b135\">Una s<strong>trategia per il cambiamento e la partecipazione<\/strong><\/h2>\n\n\n\n<p id=\"block-e3c6884e-3502-496c-b560-a39b9747b135\">La comunicazione \u00e8 l&rsquo;anima del progetto Agile Arvier, che mira a trasformare Arvier in un modello di gestione del cambiamento nel contesto alpino. La WP11 si impegna a creare un dialogo aperto e costruttivo, sia all&rsquo;interno del progetto che con il mondo esterno, per garantire che ogni voce sia ascoltata e ogni azione sia compresa, promuovendo la collaborazione, la trasparenza e la partecipazione attiva di tutti gli stakeholder. La comunicazione sar\u00e0 strategica e orientata a facilitare le connessioni interne al progetto e con il territorio, sviluppando sinergie e creando un linguaggio condiviso che favorisca il dialogo, la co-progettazione e le relazioni.<\/p>\n\n\n\n<hr class=\"wp-block-separator has-alpha-channel-opacity\"\/>\n\n\n\n<h2 class=\"wp-block-heading\">Obiettivo generale<\/h2>\n\n\n\n<p>Sviluppare e implementare una strategia di comunicazione integrata per promuovere il Comune di Arvier come centro di riferimento per la gestione del cambiamento, valorizzando il suo patrimonio e la sua identit\u00e0 nel contesto alpino<\/p>\n\n\n\n<h2 class=\"wp-block-heading\" id=\"block-63f40cc8-3286-47cc-9a64-fe76ac79fb01\"><strong>Obiettivi Specifici<\/strong> dell&rsquo;intervento<\/h2>\n\n\n\n<ul class=\"wp-block-list\">\n<li><strong>Coinvolgimento della comunit\u00e0:<\/strong> Promuovere la partecipazione attiva dei cittadini nelle attivit\u00e0 del progetto.<\/li>\n\n\n\n<li><strong>Diffusione capillare delle informazioni:<\/strong> Fornire aggiornamenti regolari e trasparenti sugli sviluppi dei vari LAB e degli interventi infrastrutturali.<\/li>\n\n\n\n<li><strong>Promozione dell\u2019identit\u00e0 territoriale:<\/strong> Valorizzare i borghi di Arvier e Leverogne come centri di innovazione e sostenibilit\u00e0.<\/li>\n<\/ul>\n\n\n\n<hr class=\"wp-block-separator has-alpha-channel-opacity\"\/>\n\n\n\n<h2 class=\"wp-block-heading\" id=\"block-344654d6-a387-4aa7-ad7e-a370fb7f951d\">Risultati attesi<\/h2>\n\n\n\n<ul class=\"wp-block-list\">\n<li><strong>Maggiore consapevolezza e coinvolgimento della comunit\u00e0<\/strong>:\n<ul class=\"wp-block-list\">\n<li>Aumentare la partecipazione attiva dei cittadini alle attivit\u00e0 del progetto, rendendo la comunit\u00e0 pi\u00f9 informata e coinvolta nelle decisioni relative allo sviluppo dei borghi di Arvier e Leverogne.<\/li>\n<\/ul>\n<\/li>\n\n\n\n<li><strong>Trasparenza e diffusione capillare delle informazioni<\/strong>:\n<ul class=\"wp-block-list\">\n<li>Fornire un&rsquo;informazione chiara, accessibile e regolare sugli sviluppi dei LAB tematici e sugli interventi infrastrutturali. Ci\u00f2 favorir\u00e0 la trasparenza delle attivit\u00e0 e una comunicazione continua con la comunit\u00e0 locale e con gli stakeholder esterni.<\/li>\n<\/ul>\n<\/li>\n\n\n\n<li><strong>Maggiore visibilit\u00e0 del territorio<\/strong>:\n<ul class=\"wp-block-list\">\n<li>Promuovere i borghi di Arvier e Leverogne a livello nazionale e internazionale come centri di innovazione culturale e sostenibilit\u00e0, migliorandone l&rsquo;attrattivit\u00e0 turistica e culturale.<\/li>\n<\/ul>\n<\/li>\n\n\n\n<li><strong>Rafforzamento dell&rsquo;identit\u00e0 territoriale<\/strong>:\n<ul class=\"wp-block-list\">\n<li>Aumentare la consapevolezza dell&rsquo;identit\u00e0 culturale e storica del territorio, consolidando Arvier e Leverogne come luoghi pionieri nell&rsquo;innovazione e nel cambiamento sostenibile.<\/li>\n<\/ul>\n<\/li>\n\n\n\n<li><strong>Impatto duraturo sulle attivit\u00e0 turistiche e culturali<\/strong>:\n<ul class=\"wp-block-list\">\n<li>Potenziare il richiamo turistico dei borghi attraverso la valorizzazione del patrimonio locale, delle attivit\u00e0 dei LAB e delle iniziative culturali, con un incremento delle visite turistiche e del coinvolgimento nelle attivit\u00e0 culturali.<\/li>\n<\/ul>\n<\/li>\n\n\n\n<li><strong>Aumento delle competenze e della consapevolezza sui temi trattati<\/strong>:\n<ul class=\"wp-block-list\">\n<li>Diffondere conoscenze sui temi del cambiamento climatico, della sostenibilit\u00e0, della transizione digitale e delle innovazioni sociali attraverso eventi, workshop e campagne di sensibilizzazione rivolte a cittadini, turisti e ricercatori.<\/li>\n<\/ul>\n<\/li>\n\n\n\n<li><strong>Sinergie con i LAB tematici<\/strong>:\n<ul class=\"wp-block-list\">\n<li>Integrare le attivit\u00e0 di comunicazione con i LAB tematici, promuovendo i risultati delle ricerche, delle sperimentazioni e delle soluzioni innovative sviluppate nei diversi ambiti.<\/li>\n<\/ul>\n<\/li>\n<\/ul>\n\n\n\n<hr class=\"wp-block-separator has-alpha-channel-opacity\"\/>\n\n\n\n<h2 class=\"wp-block-heading\">Attivit\u00e0 previste<\/h2>\n\n\n\n<ul class=\"wp-block-list\">\n<li><strong>Coesione e sviluppo comunitario<\/strong>: Questa attivit\u00e0 mira a creare un ambiente collaborativo tra i partner del progetto e la comunit\u00e0, promuovendo incontri periodici, workshop e l&rsquo;utilizzo di piattaforme digitali per la condivisione di conoscenze. L&rsquo;obiettivo \u00e8 rafforzare il senso di appartenenza e il coinvolgimento nei confronti degli obiettivi comuni del progetto <strong>Agile Arvier<\/strong>.<\/li>\n\n\n\n<li><strong>Valorizzazione delle risorse<\/strong>: Si punta a promuovere le risorse culturali, naturali e storiche del Comune di Arvier tramite strategie di marketing territoriale e campagne di comunicazione, con l&rsquo;obiettivo di rafforzare l&rsquo;identit\u00e0 del comune e aumentarne l&rsquo;attrattiva per visitatori e investitori.<\/li>\n\n\n\n<li><strong>Costruire sviluppo sostenibile<\/strong>: Questa attivit\u00e0 si concentra sulla promozione di pratiche sostenibili (ambientali, economiche e sociali), come l&rsquo;uso di energie rinnovabili e la gestione responsabile delle risorse naturali, con l\u2019obiettivo di sviluppare un modello di turismo eco-compatibile e replicabile in altre comunit\u00e0 alpine.<\/li>\n\n\n\n<li><strong>Narrazioni del cambiamento alpino<\/strong>: Si prevede la creazione di narrazioni che raccontino esperienze di cambiamento nelle comunit\u00e0 alpine, utilizzando racconti, documentari e interviste per documentare storie di innovazione e resilienza. Queste narrazioni serviranno come ispirazione per altre comunit\u00e0 e contribuiranno a diffondere conoscenze e innovazioni a livello internazionale.<\/li>\n<\/ul>\n\n\n\n<p>Queste attivit\u00e0 sono tutte orientate a rafforzare la comunit\u00e0, valorizzare il territorio, promuovere lo sviluppo sostenibile e documentare il cambiamento nelle Alpi, in linea con gli obiettivi del progetto Agile Arvier.<\/p>\n\n\n\n<hr class=\"wp-block-separator has-alpha-channel-opacity\"\/>\n\n\n\n<h2 class=\"wp-block-heading\">Piano finanziario<\/h2>\n\n\n\n<p><strong>PNRR: \u20ac 350.000,00<\/strong><\/p>\n\n\n\n<figure class=\"wp-block-table\"><table class=\"has-fixed-layout\"><tbody><tr><td><strong>Tipologia di spesa<\/strong><\/td><td><strong>Importo<\/strong><\/td><\/tr><tr><td><strong>Lavori<\/strong><\/td><td>0,00 \u20ac<\/td><\/tr><tr><td><strong>Servizi<\/strong><\/td><td>320.000,00 \u20ac<\/td><\/tr><tr><td><strong>Forniture<\/strong><\/td><td>25.000,00 \u20ac<\/td><\/tr><tr><td><strong>Incentivi per funzioni tecniche<\/strong><\/td><td>5.000,00 \u20ac<\/td><\/tr><tr><td><strong>Altre somme a disposizione<\/strong><\/td><td>0,00 \u20ac<\/td><\/tr><tr><td><strong>Totale<\/strong><\/td><td>350.000,00 \u20ac<\/td><\/tr><\/tbody><\/table><\/figure>\n\n\n\n<hr class=\"wp-block-separator has-alpha-channel-opacity\"\/>\n\n\n\n<h2 class=\"wp-block-heading\">Destinatari<\/h2>\n\n\n\n<p>La comunit\u00e0 locale, tutti i soggetti attuatori coinvolti nel Progetto, gli enti e le istituzioni a scala regionale, nazionale ed europea, il grande pubblico.<\/p>\n\n\n\n<hr class=\"wp-block-separator has-alpha-channel-opacity\"\/>\n\n\n\n<h2 class=\"wp-block-heading\">Stato di avanzamento:<\/h2>\n\n\n\n<p><strong><em>In attuazione<\/em><\/strong><\/p>\n\n\n\n<p>Impegni\/Prenotazioni di spesa al 31\/12\/2024: 27.003,48 \u20ac<br>Spesa sostenuta al 31\/12\/2024: 8.264,28 \u20ac<\/p>\n\n\n\n<hr class=\"wp-block-separator has-alpha-channel-opacity\"\/>\n\n\n\n<div class=\"wp-block-columns is-layout-flex wp-container-core-columns-is-layout-9d6595d7 wp-block-columns-is-layout-flex\">\n<div class=\"wp-block-column is-layout-flow wp-block-column-is-layout-flow\">\n<div class=\"wp-block-group\"><div class=\"wp-block-group__inner-container is-layout-constrained wp-block-group-is-layout-constrained\">\n<figure class=\"wp-block-image size-full\"><img loading=\"lazy\" decoding=\"async\" width=\"417\" height=\"100\" src=\"https:\/\/arvier.eu\/wp-content\/uploads\/2024\/09\/logo-orizzontale-finanziato-ue.png.webp\" alt=\"\" class=\"wp-image-11174\" srcset=\"https:\/\/arvier.eu\/wp-content\/uploads\/2024\/09\/logo-orizzontale-finanziato-ue.png.webp 417w, https:\/\/arvier.eu\/wp-content\/uploads\/2024\/09\/logo-orizzontale-finanziato-ue.png-300x72.webp 300w\" sizes=\"auto, (max-width: 417px) 100vw, 417px\" \/><\/figure>\n<\/div><\/div>\n<\/div>\n\n\n\n<div class=\"wp-block-column is-layout-flow wp-block-column-is-layout-flow\">\n<div class=\"wp-block-group\"><div class=\"wp-block-group__inner-container is-layout-constrained wp-block-group-is-layout-constrained\">\n<figure class=\"wp-block-image size-full\"><img loading=\"lazy\" decoding=\"async\" width=\"616\" height=\"136\" src=\"https:\/\/arvier.eu\/wp-content\/uploads\/2024\/09\/Italia-domani.png\" alt=\"\" class=\"wp-image-11184\" srcset=\"https:\/\/arvier.eu\/wp-content\/uploads\/2024\/09\/Italia-domani.png 616w, https:\/\/arvier.eu\/wp-content\/uploads\/2024\/09\/Italia-domani-300x66.png 300w\" sizes=\"auto, (max-width: 616px) 100vw, 616px\" \/><\/figure>\n<\/div><\/div>\n<\/div>\n\n\n\n<div class=\"wp-block-column is-layout-flow wp-block-column-is-layout-flow\">\n<div class=\"wp-block-group\"><div class=\"wp-block-group__inner-container is-layout-constrained wp-block-group-is-layout-constrained\">\n<figure class=\"wp-block-image size-full is-resized\"><img loading=\"lazy\" decoding=\"async\" width=\"354\" height=\"146\" src=\"https:\/\/arvier.eu\/wp-content\/uploads\/2024\/09\/Ministero-cultura.png\" alt=\"\" class=\"wp-image-11186\" style=\"width:158px;height:auto\" srcset=\"https:\/\/arvier.eu\/wp-content\/uploads\/2024\/09\/Ministero-cultura.png 354w, https:\/\/arvier.eu\/wp-content\/uploads\/2024\/09\/Ministero-cultura-300x124.png 300w\" sizes=\"auto, (max-width: 354px) 100vw, 354px\" \/><\/figure>\n<\/div><\/div>\n<\/div>\n<\/div>\n\n\n\n<hr class=\"wp-block-separator has-alpha-channel-opacity\"\/>\n\n\n\n<h2 class=\"wp-block-heading\">Contratti in essere<\/h2>\n\n\n\n<hr class=\"wp-block-separator has-alpha-channel-opacity is-style-dots\"\/>\n\n\n\n<div class=\"wp-block-group\"><div class=\"wp-block-group__inner-container is-layout-constrained wp-block-group-is-layout-constrained\">\n<p><strong>Contratto: <\/strong>FORNITURA DI ARREDI D&rsquo;UFFICIO E DOTAZIONI INFORMATICHE FUNZIONALI ALL&rsquo;INSEDIAMENTO DELLA STRUTTURA DIRIGENZIALE TEMPORANEA DI PROGETTO &lsquo;PNRR AGILE ARVIER&rsquo;<br><strong>CIG:<\/strong>\u00a0A03C3417CC<br><strong>Stato:<\/strong>\u00a0Chiuso<br><strong>Procedura:<\/strong>\u00a0Affidamento diretto<br><strong>Affidatario:<\/strong>\u00a0Lagoval snc<br><strong>Link alla BNCP:<\/strong>\u00a0 <a href=\"https:\/\/dati.anticorruzione.it\/superset\/dashboard\/dettaglio_cig\/?cig=A03C3417CC&amp;standalone=2\">Dettaglio gara<\/a><br><strong>Valore base d&rsquo;asta:<\/strong>\u00a026.000,00 \u20ac<br><strong>Importo di Aggiudicazione:<\/strong>\u00a025.703,00 \u20ac<br><strong>Stato avanzamento spese:<\/strong>\u00a02.537,60 \u20ac<br><strong>Documentazione:<\/strong>\u00a0<a href=\"https:\/\/jcity-arvier.partout.it\/web\/trasparenza\/papca-ap?p_p_id=jcitygovalbopubblicazioni_WAR_jcitygovalbiportlet&amp;p_p_lifecycle=2&amp;p_p_state=pop_up&amp;p_p_mode=view&amp;p_p_resource_id=downloadAllegato&amp;p_p_cacheability=cacheLevelPage&amp;_jcitygovalbopubblicazioni_WAR_jcitygovalbiportlet_downloadSigned=false&amp;_jcitygovalbopubblicazioni_WAR_jcitygovalbiportlet_id=160871&amp;_jcitygovalbopubblicazioni_WAR_jcitygovalbiportlet_action=mostraDettaglio&amp;_jcitygovalbopubblicazioni_WAR_jcitygovalbiportlet_fromAction=recuperaDettaglio\">Determina di affidamento n. 297\/2023, del 29\/12\/2023<\/a><br><strong>Pagamenti\/Liquidazioni:<\/strong>\u00a0<a href=\"https:\/\/arvier.eu\/wp-content\/uploads\/2024\/09\/WP11WP12_CIGA03C3417CC_Spesa.zip\" target=\"_blank\" rel=\"noreferrer noopener\">Atti di liquidazione<\/a><\/p>\n\n\n\n<hr class=\"wp-block-separator has-alpha-channel-opacity is-style-dots\"\/>\n<\/div><\/div>\n\n\n\n<p><strong>Contratto: <\/strong>SERVIZIO TIPOGRAFICO NELL\u2019AMBITO DELL\u2019AZIONE 11 \u2013 COMUNICAZIONE<strong><br>CIG:<\/strong>\u00a0B2F81A5CEA<strong><br>Stato:<\/strong>\u00a0In corso<strong><br>Procedura:<\/strong>\u00a0Affidamento diretto<strong><br>Affidatario:<\/strong>\u00a0Tipografia Pesando snc di Pesando G. M. &amp; Macri<strong><br>Link alla BNCP:<\/strong>\u00a0<a href=\"https:\/\/dati.anticorruzione.it\/superset\/dashboard\/dettaglio_cig\/?cig=B2F81A5CEA&amp;standalone=2\" target=\"_blank\" rel=\"noreferrer noopener\">Dettaglio Appalto<\/a><strong><br>Valore base d&rsquo;asta:<\/strong>\u00a04.694,00 \u20ac oltre IVA 22%<strong><br>Importo di Aggiudicazione:<\/strong>\u00a04.694,00 \u20ac oltre IVA 22%<strong><br>Stato avanzamento spese:<\/strong> 5.726,88 \u20ac<strong><br>Documentazione:<\/strong>\u00a0<a href=\"https:\/\/jcity-arvier.partout.it\/web\/trasparenza\/papca-ap?p_p_id=jcitygovalbopubblicazioni_WAR_jcitygovalbiportlet&amp;p_p_lifecycle=2&amp;p_p_state=pop_up&amp;p_p_mode=view&amp;p_p_resource_id=downloadAllegato&amp;p_p_cacheability=cacheLevelPage&amp;_jcitygovalbopubblicazioni_WAR_jcitygovalbiportlet_downloadSigned=false&amp;_jcitygovalbopubblicazioni_WAR_jcitygovalbiportlet_id=291250&amp;_jcitygovalbopubblicazioni_WAR_jcitygovalbiportlet_action=mostraDettaglio&amp;_jcitygovalbopubblicazioni_WAR_jcitygovalbiportlet_fromAction=recuperaDettaglio\">Determina dirigenziale di affidamento n. 164\/2024, del 17\/09\/2024<\/a><strong><br>Pagamenti\/Liquidazioni:<\/strong>\u00a0<a href=\"https:\/\/arvier.eu\/wp-content\/uploads\/2025\/01\/CIG_B2F81A5CEA_Attidiliquidazione.zip\">Atti di liquidazione<\/a><\/p>\n\n\n\n<hr class=\"wp-block-separator has-alpha-channel-opacity is-style-dots\"\/>\n\n\n\n<p><strong>Contratto: <\/strong>SERVIZIO DI DIRETTORE DELL\u2019ESECUZIONE (DEC) IN RELAZIONE ALL\u2019APPALTO PUBBLICO PER SOLUZIONI INNOVATIVE PER I SERVIZI DA SVOLGERSI NELL\u2019AMBITO DEL PROGETTO AGILE ARVIER \u2013 ATTIVITA\u2019 WP11 COMUNICAZIONE<br><strong>CIG:<\/strong>&nbsp;B4EA65FA41<strong><br>Stato:<\/strong>&nbsp;Contratto non ancora avviato<strong><br>Procedura:<\/strong>&nbsp;Affidamento diretto<strong><br>Affidatario:<\/strong>&nbsp;MYNAPROJECT.ORG SRL<strong><br>Link alla BNCP:<\/strong>&nbsp;<a href=\"https:\/\/dati.anticorruzione.it\/superset\/dashboard\/dettaglio_cig\/?cig=B4EA65FA41&amp;standalone=2\" target=\"_blank\" rel=\"noreferrer noopener\">Dettaglio Appalto<\/a><strong><br>Valore base d&rsquo;asta:<\/strong>&nbsp;12.800,00 \u20ac oltre IVA 22%<strong><br>Importo di Aggiudicazione:<\/strong>&nbsp;12.800,00 \u20ac oltre IVA 22%<strong><br>Stato avanzamento spese:<\/strong> 0,00 \u20ac<strong><br>Documentazione:<\/strong>&nbsp;<a href=\"https:\/\/jcity-arvier.partout.it\/web\/trasparenza\/papca-ap?p_p_id=jcitygovalbopubblicazioni_WAR_jcitygovalbiportlet&amp;p_p_lifecycle=2&amp;p_p_state=pop_up&amp;p_p_mode=view&amp;p_p_resource_id=downloadAllegato&amp;p_p_cacheability=cacheLevelPage&amp;_jcitygovalbopubblicazioni_WAR_jcitygovalbiportlet_downloadSigned=false&amp;_jcitygovalbopubblicazioni_WAR_jcitygovalbiportlet_id=329030&amp;_jcitygovalbopubblicazioni_WAR_jcitygovalbiportlet_action=mostraDettaglio&amp;_jcitygovalbopubblicazioni_WAR_jcitygovalbiportlet_fromAction=recuperaDettaglio\">Determina dirigenziale di affidamento n.291\/2024, del 19\/12\/2024<\/a><strong><br>Pagamenti\/Liquidazioni:<\/strong>&nbsp;\/<\/p>\n\n\n\n<hr class=\"wp-block-separator has-alpha-channel-opacity is-style-dots\"\/>\n\n\n\n<h2 class=\"wp-block-heading\" id=\"block-b7a515b3-525e-4301-837d-1c749b3611b3\"><strong>Contatti<\/strong><\/h2>\n\n\n\n<p id=\"block-4c45b219-59bb-49d2-8e98-0726d5ade60a\">Comune di Arvier<br>Struttura temporanea di Progetto PNRR Agile Arvier<br>RUP: Dott. Gianluca Tripodi<\/p>\n\n\n\n<figure class=\"wp-block-image size-large\"><img loading=\"lazy\" decoding=\"async\" width=\"1024\" height=\"585\" src=\"https:\/\/arvier.eu\/wp-content\/uploads\/2024\/09\/image-1024x585.webp\" alt=\"A breathtaking Alpine landscape with towering mountains and lush nature. A diverse group of people, symbolizing the community of Arvier and its visitors, is engaged in various outdoor activities such as hiking, picnicking, and cycling, reflecting WP11's goal to promote the region and its initiatives. The presence of youth, elderly, and families emphasizes inclusivity and active participation across all age groups. The image conveys a sense of harmony between humans and nature, aligning with the project's commitment to environmental sustainability. The scene is bathed in vibrant colors and bright light, evoking optimism and hope for Arvier's future, capturing the essence of the 'culture of change' that the project aims to promote. The emblem of the European Union is included in the image.\" class=\"wp-image-11367\" srcset=\"https:\/\/arvier.eu\/wp-content\/uploads\/2024\/09\/image-1024x585.webp 1024w, https:\/\/arvier.eu\/wp-content\/uploads\/2024\/09\/image-300x171.webp 300w, https:\/\/arvier.eu\/wp-content\/uploads\/2024\/09\/image-768x439.webp 768w, https:\/\/arvier.eu\/wp-content\/uploads\/2024\/09\/image-1536x878.webp 1536w, https:\/\/arvier.eu\/wp-content\/uploads\/2024\/09\/image.webp 1792w\" sizes=\"auto, (max-width: 1024px) 100vw, 1024px\" \/><\/figure>\n\n\n\n<p><strong>Disclaimer:<\/strong> Questa immagine \u00e8 stata generata utilizzando un sistema di intelligenza artificiale, ChatGPT di OpenAI, a scopo illustrativo. Sebbene rappresenti una visione artistica del territorio di Arvier e delle iniziative del progetto WP11, i contenuti visivi non riflettono necessariamente la realt\u00e0. L&rsquo;immagine \u00e8 il risultato di un processo automatizzato e non deve essere interpretata come una rappresentazione fotografica autentica.<\/p>\n\n\n\n<hr class=\"wp-block-separator has-alpha-channel-opacity\"\/>\n","protected":false},"excerpt":{"rendered":"<p>Una strategia per il cambiamento e la partecipazione La comunicazione \u00e8 l&rsquo;anima del progetto Agile Arvier, che mira a trasformare Arvier in un modello di gestione del cambiamento nel contesto alpino.<\/p>\n","protected":false},"author":11,"featured_media":0,"parent":11178,"menu_order":11,"comment_status":"closed","ping_status":"closed","template":"","meta":{"footnotes":""},"tags":[],"class_list":["post-11363","page","type-page","status-publish","hentry"],"publishpress_future_action":{"enabled":false,"date":"2026-05-08 01:22:10","action":"change-status","newStatus":"draft","terms":[],"taxonomy":"post_tag","extraData":[]},"publishpress_future_workflow_manual_trigger":{"enabledWorkflows":[]},"_links":{"self":[{"href":"https:\/\/arvier.eu\/fr\/wp-json\/wp\/v2\/pages\/11363","targetHints":{"allow":["GET"]}}],"collection":[{"href":"https:\/\/arvier.eu\/fr\/wp-json\/wp\/v2\/pages"}],"about":[{"href":"https:\/\/arvier.eu\/fr\/wp-json\/wp\/v2\/types\/page"}],"author":[{"embeddable":true,"href":"https:\/\/arvier.eu\/fr\/wp-json\/wp\/v2\/users\/11"}],"replies":[{"embeddable":true,"href":"https:\/\/arvier.eu\/fr\/wp-json\/wp\/v2\/comments?post=11363"}],"version-history":[{"count":0,"href":"https:\/\/arvier.eu\/fr\/wp-json\/wp\/v2\/pages\/11363\/revisions"}],"up":[{"embeddable":true,"href":"https:\/\/arvier.eu\/fr\/wp-json\/wp\/v2\/pages\/11178"}],"wp:attachment":[{"href":"https:\/\/arvier.eu\/fr\/wp-json\/wp\/v2\/media?parent=11363"}],"wp:term":[{"taxonomy":"post_tag","embeddable":true,"href":"https:\/\/arvier.eu\/fr\/wp-json\/wp\/v2\/tags?post=11363"}],"curies":[{"name":"wp","href":"https:\/\/api.w.org\/{rel}","templated":true}]}}