{"id":7068,"date":"2011-02-02T22:36:20","date_gmt":"2011-02-02T21:36:20","guid":{"rendered":"https:\/\/arvier.eu\/administration\/sindaco\/"},"modified":"2022-03-03T18:08:32","modified_gmt":"2022-03-03T17:08:32","slug":"sindaco","status":"publish","type":"page","link":"https:\/\/arvier.eu\/fr\/administration\/sindaco\/","title":{"rendered":"Syndic"},"content":{"rendered":"<table border=\"0\">\n<tbody>\n<tr>\n<td>\n<div><a title=\"Foto Sindaco - Mauro LUCIANAZ\" href=\"https:\/\/arvier.eu\/wp-content\/uploads\/2011\/02\/Mauro_LUCIANAZ_h.jpg\" target=\"_blank\" rel=\"noopener noreferrer\"><img loading=\"lazy\" decoding=\"async\" class=\"alignleft wp-image-253 size-full\" style=\"margin-right: 10px; border: 1px solid #000000; float: left;\" src=\"https:\/\/arvier.eu\/wp-content\/uploads\/2011\/02\/Mauro_LUCIANAZ_low.jpg\" alt=\"Sindaco Mauro LUCIANAZ\" width=\"450\" height=\"600\"><\/a><\/div>\n<\/td>\n<td valign=\"top\"><strong>Mauro LUCIANAZ<\/strong><\/p>\n<p>N\u00e9 \u00e0 Aoste le 10 janvier 1974<\/p>\n<p>Demeurant \u00e0 Arvier \u2013 97, hameau du Grand-Haury,<\/p>\n<p>Dipl\u00f4m\u00e9 de l\u2019Institut technique pour g\u00e9om\u00e8tres \u00ab Jules Brocherel \u00bb d\u2019Aoste en 1993<\/p>\n<p>Inscrit au Tableau des g\u00e9om\u00e8tres de la Vall\u00e9e d\u2019Aoste, il exerce la profession lib\u00e9rale<\/p>\n<p>T\u00e9l\u00e9phone portable: (+39) 335.6178724<\/p>\n<p>Courriel: <a style=\"font-size: revert; font-family: inherit; font-weight: inherit;\" href=\"mailto:sindaco@comune.arvier.ao.it\">sindaco@comune.arvier.ao.it<\/a><span style=\"font-size: revert; font-family: inherit; font-weight: inherit; color: initial;\">&nbsp;&nbsp; <\/span><a style=\"font-size: revert; font-family: inherit; font-weight: inherit;\" href=\"mailto:mauro@lucianaz.it\">mauro@lucianaz.it<\/a><\/p>\n<p style=\"text-align: left;\"><strong>Re\u00e7oit sur rendez-vous, du lundi au dimanche de 8h \u00e0 20h<\/strong><\/p>\n<p><em><img loading=\"lazy\" decoding=\"async\" class=\" size-full wp-image-19\" src=\"https:\/\/arvier.eu\/wp-content\/uploads\/2011\/01\/pdf.png\" alt=\"icon\" width=\"16\" height=\"16\" border=\"0\">&nbsp;<a href=\"https:\/\/arvier.eu\/wp-content\/uploads\/2011\/02\/CV_LucianazMauro2019.pdf\">Curriculum Sindaco<\/a> (105<span class=\"small\">&nbsp;kB<\/span>)<\/em><\/p>\n<p><em>&nbsp;<\/em><\/td>\n<\/tr>\n<\/tbody>\n<\/table>\n<h2>du 23\/09\/2020<\/h2>\n<p>Syndic<br \/>\nPr\u00e9sident de l&rsquo;Unit\u00e9 des communes vald\u00f4taines Grand-Paradis<br \/>\nRepr\u00e9sentant de la commune et de l&rsquo;Unit\u00e9 des communes vald\u00f4taines Grand-Paradis&nbsp;au sein du Conseil permanent des collectivit\u00e9s locales (CPEL)<br \/>\nRepr\u00e9sentant de la commune et de&nbsp;l&rsquo;Unit\u00e9 des communes vald\u00f4taines Grand-Paradis au sein de l\u2019Assembl\u00e9e des membres du Consortium des collectivit\u00e9s locales de la Vall\u00e9e d\u2019Aoste (CELVA)<\/p>\n<h2>de 2015 \u00e0 2020<\/h2>\n<p>Syndic<br \/>\nPr\u00e9sident de l&rsquo;Unit\u00e9 des communes vald\u00f4taines Grand-Paradis<br \/>\nRepr\u00e9sentant de la commune et de l&rsquo;Unit\u00e9 des communes vald\u00f4taines Grand-Paradis&nbsp;au sein du Conseil permanent des collectivit\u00e9s locales (CPEL)<br \/>\nRepr\u00e9sentant de la commune et de&nbsp;l&rsquo;Unit\u00e9 des communes vald\u00f4taines Grand-Paradis au sein de l\u2019Assembl\u00e9e des membres du Consortium des collectivit\u00e9s locales de la Vall\u00e9e d\u2019Aoste (CELVA)<br \/>\nComponente della Conferenza dei Presidenti delle Unit\u00e9s \u2013 CELVA<br \/>\nMembro del Consiglio di Amministrazione di Fondation Grand-Paradis<br \/>\nMembro della Comunit\u00e0 del Parco Nazionale Gran Paradiso<\/p>\n<h2>de 2010 \u00e0 2015<\/h2>\n<p>Syndic<br \/>\nRepr\u00e9sentant de la Communaut\u00e9 de montagne Grand-Paradis au sein du Conseil des syndics<br \/>\nMembre des groupes de travail suivants de la Communaut\u00e9 de montagne :<\/p>\n<ul>\n<li>Travaux publics<\/li>\n<li>Personnes \u00e2g\u00e9es<\/li>\n<li>D\u00e9chets<\/li>\n<li>Innovation technologique<\/li>\n<\/ul>\n<p>Repr\u00e9sentant de la commune au sein du Conseil permanent des collectivit\u00e9s locales (CPEL)<br \/>\nMembre de la Conf\u00e9rence \u00ab Innovation technologique \u00bb du CPEL<br \/>\nRepr\u00e9sentant de la commune au sein de l\u2019Assembl\u00e9e des membres du Consortium des collectivit\u00e9s locales de la Vall\u00e9e d\u2019Aoste (CELVA)<\/p>\n<h2>de 2005 \u00e0 2010<\/h2>\n<p>Conseiller et assesseur communal<br \/>\nRepr\u00e9sentant de la Commune au sein de l\u2019assembl\u00e9e du BIM et de l&rsquo;AIAT Grand-Paradis<br \/>\nVice-pr\u00e9sident de la Commission municipale du b\u00e2timent<\/p>\n<h2>de 2000 \u00e0 2005<\/h2>\n<p>Conseiller communal<br \/>\nRepr\u00e9sentant de la Commune d\u2019Arvier au sein de l\u2019assembl\u00e9e du Bassin de la Doire balt\u00e9e (BIM)<br \/>\n\u00c9lu au comit\u00e9 ex\u00e9cutif du BIM<br \/>\nVice-pr\u00e9sident de la Commission municipale du b\u00e2timent<\/p>\n<h2>de 1995 \u00e0 2000<\/h2>\n<p>Conseiller communal<br \/>\nMembre de la Commission municipale du b\u00e2timent<\/p>\n<h2 style=\"text-align: left;\">Statuts de la Commune d\u2019Arvier<\/h2>\n<div style=\"text-align: left;\"><a href=\"https:\/\/arvier.eu\/amministrazione\/statuto\/#a23\">Art. 23 &#8211; Il Sindaco<\/a><\/div>\n<div style=\"text-align: left;\"><a href=\"https:\/\/arvier.eu\/amministrazione\/statuto\/#a24\">Art. 24 &#8211; Competenze amministrative<\/a><\/div>\n<div style=\"text-align: left;\"><a href=\"https:\/\/arvier.eu\/amministrazione\/statuto\/#a25\">Art. 25 &#8211; Competenze di vigilanzaArt. 25 &#8211; Competenze di vigilanza<\/a><\/div>\n<div style=\"text-align: left;\"><a href=\"https:\/\/arvier.eu\/amministrazione\/statuto\/#a26\">Art. 26 &#8211; Ordinanze<\/a><\/div>\n","protected":false},"excerpt":{"rendered":"<p>Mauro LUCIANAZ N\u00e9 \u00e0 Aoste le 10 janvier 1974 Demeurant \u00e0 Arvier \u2013 97, hameau du Grand-Haury, Dipl\u00f4m\u00e9 de l\u2019Institut technique pour g\u00e9om\u00e8tres \u00ab Jules Brocherel \u00bb d\u2019Aoste en 1993 Inscrit au Tableau des g\u00e9om\u00e8tres de la Vall\u00e9e d\u2019Aoste, il exerce la profession lib\u00e9rale T\u00e9l\u00e9phone portable: (+39) 335.<\/p>\n","protected":false},"author":1,"featured_media":0,"parent":5866,"menu_order":3,"comment_status":"closed","ping_status":"closed","template":"","meta":{"footnotes":""},"tags":[],"class_list":["post-7068","page","type-page","status-publish","hentry"],"publishpress_future_action":{"enabled":false,"date":"2026-05-06 22:31:19","action":"change-status","newStatus":"draft","terms":[],"taxonomy":"post_tag","extraData":[]},"publishpress_future_workflow_manual_trigger":{"enabledWorkflows":[]},"_links":{"self":[{"href":"https:\/\/arvier.eu\/fr\/wp-json\/wp\/v2\/pages\/7068","targetHints":{"allow":["GET"]}}],"collection":[{"href":"https:\/\/arvier.eu\/fr\/wp-json\/wp\/v2\/pages"}],"about":[{"href":"https:\/\/arvier.eu\/fr\/wp-json\/wp\/v2\/types\/page"}],"author":[{"embeddable":true,"href":"https:\/\/arvier.eu\/fr\/wp-json\/wp\/v2\/users\/1"}],"replies":[{"embeddable":true,"href":"https:\/\/arvier.eu\/fr\/wp-json\/wp\/v2\/comments?post=7068"}],"version-history":[{"count":0,"href":"https:\/\/arvier.eu\/fr\/wp-json\/wp\/v2\/pages\/7068\/revisions"}],"up":[{"embeddable":true,"href":"https:\/\/arvier.eu\/fr\/wp-json\/wp\/v2\/pages\/5866"}],"wp:attachment":[{"href":"https:\/\/arvier.eu\/fr\/wp-json\/wp\/v2\/media?parent=7068"}],"wp:term":[{"taxonomy":"post_tag","embeddable":true,"href":"https:\/\/arvier.eu\/fr\/wp-json\/wp\/v2\/tags?post=7068"}],"curies":[{"name":"wp","href":"https:\/\/api.w.org\/{rel}","templated":true}]}}