{"id":7162,"date":"2011-01-07T14:39:43","date_gmt":"2011-01-07T13:39:43","guid":{"rendered":"https:\/\/arvier.eu\/servizi-comunali\/sala-polivalente\/"},"modified":"2022-03-03T11:04:50","modified_gmt":"2022-03-03T10:04:50","slug":"sala-polivalente","status":"publish","type":"page","link":"https:\/\/arvier.eu\/fr\/servizi-comunali\/sala-polivalente\/","title":{"rendered":"Salle polyvalente"},"content":{"rendered":"<p><img loading=\"lazy\" decoding=\"async\" class=\" size-full wp-image-112\" style=\"border: 1px solid #000000; display: block; margin-left: auto; margin-right: auto;\" src=\"https:\/\/arvier.eu\/wp-content\/uploads\/2011\/01\/sala_polivalente.jpg\" alt=\"sala_polivalente\" width=\"650\" height=\"432\" \/><\/p>\n<div><\/div>\n<h2>Caract\u00e9ristiques<\/h2>\n<p>Cette salle dispose de 128 places assises et de 2 places r\u00e9serv\u00e9es aux personnes handicap\u00e9es.<br \/>\n\u00c9quipement technique : VHS, DVD, ordinateur, vid\u00e9oprojecteur avec \u00e9cran 400&#215;300 cm, amplification sonore, service r\u00e9gie<\/p>\n<h2>Regolamento<\/h2>\n<p><a href=\"https:\/\/arvier.eu\/fr\/salle-polyvalente\/44-regolamenti\/regolamenti-servizi\/98-regolamento-per-luso-della-sala-polivalente.html\">R\u00e8glement d\u2019utilisation de la salle polyvalente de l\u2019\u00e9cole communale<\/a><\/p>\n<h2>Modulistica<\/h2>\n<table style=\"height: 40px;\" border=\"0\" cellpadding=\"5\">\n<tbody>\n<tr valign=\"middle\">\n<td><a class=\"fuori\" title=\"Scarica il modello in formato Microsoft Word\" href=\"https:\/\/arvier.eu\/wp-content\/uploads\/2011\/01\/sala_polivalente.doc\"><img loading=\"lazy\" decoding=\"async\" class=\" size-full wp-image-59\" src=\"https:\/\/arvier.eu\/wp-content\/uploads\/2011\/01\/word_icon.png\" alt=\"word_icon\" width=\"30\" height=\"30\" \/><\/a><\/td>\n<td><a class=\"fuori\" title=\"Scarica il modello in formato PDF\" href=\"https:\/\/arvier.eu\/wp-content\/uploads\/2011\/01\/sala_polivalente.pdf\"><img loading=\"lazy\" decoding=\"async\" class=\" size-full wp-image-62\" src=\"https:\/\/arvier.eu\/wp-content\/uploads\/2011\/01\/pdf_icon.jpg\" alt=\"pdf_icon\" width=\"30\" height=\"30\" \/><\/a><\/td>\n<td>Demande d\u2019utilisation de la salle polyvalente<\/td>\n<\/tr>\n<\/tbody>\n<\/table>\n<h2>Tarif<\/h2>\n<p>La <a class=\"doclink\" href=\"https:\/\/arvier.eu\/fr\/component\/docman\/?task=cat_view&amp;gid=11&amp;Itemid=185\">d\u00e9lib\u00e9ration du conseil n\u00b0 11 du 30 avril 2014 \u2013 D\u00e9finition des quotas et tarifs relatifs aux services communaux pour l\u2019ann\u00e9e 2014<\/a><a class=\"doclink\" href=\"index.php?option=com_docman&amp;task=cat_view&amp;gid=11&amp;Itemid=185\">\u00ab\u00a0<\/a>\u00a0a \u00e9tabli les tarifs suivants :<\/p>\n<ol>\n<li>150 euros pour l\u2019utilisation de la salle polyvalente sans chauffage ;<\/li>\n<li>250 euros pour l\u2019utilisation de la salle avec chauffage ;<\/li>\n<li>50 euros pour le remboursement des frais li\u00e9s \u00e0 la prestation du technicien communal pr\u00e9pos\u00e9 \u00e0 la salle r\u00e9gie (sur demande)<\/li>\n<\/ol>\n<h2>Calendario Utilizzo della Sala<\/h2>\n<table border=\"0\" cellpadding=\"5\">\n<tbody>\n<tr valign=\"middle\">\n<td><a title=\"Visualizza il calendario\" href=\"https:\/\/arvier.eu\/calendario-sala-polivalente\/\"><img loading=\"lazy\" decoding=\"async\" class=\" size-full wp-image-113\" src=\"https:\/\/arvier.eu\/wp-content\/uploads\/2011\/01\/calendar.gif\" alt=\"calendar\" width=\"61\" height=\"55\" \/><\/a><\/td>\n<td>Affichez le calendrier<\/td>\n<\/tr>\n<\/tbody>\n<\/table>\n","protected":false},"excerpt":{"rendered":"<p>Caract\u00e9ristiques Cette salle dispose de 128 places assises et de 2 places r\u00e9serv\u00e9es aux personnes handicap\u00e9es.<\/p>\n","protected":false},"author":1,"featured_media":0,"parent":7143,"menu_order":6,"comment_status":"closed","ping_status":"closed","template":"","meta":{"footnotes":""},"tags":[],"class_list":["post-7162","page","type-page","status-publish","hentry"],"publishpress_future_action":{"enabled":false,"date":"2026-05-04 18:00:27","action":"change-status","newStatus":"draft","terms":[],"taxonomy":"post_tag","extraData":[]},"publishpress_future_workflow_manual_trigger":{"enabledWorkflows":[]},"_links":{"self":[{"href":"https:\/\/arvier.eu\/fr\/wp-json\/wp\/v2\/pages\/7162","targetHints":{"allow":["GET"]}}],"collection":[{"href":"https:\/\/arvier.eu\/fr\/wp-json\/wp\/v2\/pages"}],"about":[{"href":"https:\/\/arvier.eu\/fr\/wp-json\/wp\/v2\/types\/page"}],"author":[{"embeddable":true,"href":"https:\/\/arvier.eu\/fr\/wp-json\/wp\/v2\/users\/1"}],"replies":[{"embeddable":true,"href":"https:\/\/arvier.eu\/fr\/wp-json\/wp\/v2\/comments?post=7162"}],"version-history":[{"count":0,"href":"https:\/\/arvier.eu\/fr\/wp-json\/wp\/v2\/pages\/7162\/revisions"}],"up":[{"embeddable":true,"href":"https:\/\/arvier.eu\/fr\/wp-json\/wp\/v2\/pages\/7143"}],"wp:attachment":[{"href":"https:\/\/arvier.eu\/fr\/wp-json\/wp\/v2\/media?parent=7162"}],"wp:term":[{"taxonomy":"post_tag","embeddable":true,"href":"https:\/\/arvier.eu\/fr\/wp-json\/wp\/v2\/tags?post=7162"}],"curies":[{"name":"wp","href":"https:\/\/api.w.org\/{rel}","templated":true}]}}