{"id":7170,"date":"2011-01-07T14:38:34","date_gmt":"2011-01-07T13:38:34","guid":{"rendered":"https:\/\/arvier.eu\/servizi-comunali\/scuola-primaria-e-dell-infanzia\/"},"modified":"2022-03-03T11:13:22","modified_gmt":"2022-03-03T10:13:22","slug":"scuola-primaria-e-dell-infanzia","status":"publish","type":"page","link":"https:\/\/arvier.eu\/fr\/servizi-comunali\/scuola-primaria-e-dell-infanzia\/","title":{"rendered":"\u00c9cole primaire et \u00e9cole maternelle"},"content":{"rendered":"<p><img loading=\"lazy\" decoding=\"async\" class=\" size-full wp-image-104\" style=\"border: 1px solid #000000; display: block; margin-left: auto; margin-right: auto;\" title=\"Foto: Andrea VALLET\" src=\"https:\/\/arvier.eu\/wp-content\/uploads\/2011\/01\/scuole.jpg\" alt=\"scuole\" width=\"650\" height=\"436\" \/><\/p>\n<p>L\u2019\u00e9cole primaire et l\u2019\u00e9cole maternelle d\u2019Arvier occupent les deux ailes d\u2019un m\u00eame \u00e9difice.<\/p>\n<p>La partie r\u00e9serv\u00e9e \u00e0 l\u2019<strong>\u00c9COLE PRIMAIRE<\/strong>\u00a0donne sur un ample couloir, avec une partie \u00ab vestiaire \u00bb o\u00f9 les enfants peuvent laisser leurs vestes et leurs chaussures, le reste de l\u2019espace leur permettant de jouer pendant la r\u00e9cr\u00e9ation, durant la mauvaise saison. L\u2019endroit est \u00e9clair\u00e9 par de grandes baies vitr\u00e9es et son am\u00e9nagement aux couleurs gaies le rend chaleureux et accueillant. Ce couloir dessert les toilettes, la salle des professeurs (o\u00f9 se d\u00e9roulent les r\u00e9unions de programmation) et les classes de premi\u00e8re et de deuxi\u00e8me. Amples et lumineuses, avec un mobilier adapt\u00e9 aux enfants, ce sont des pi\u00e8ces tranquilles et propices \u00e0 l\u2019\u00e9tude.<br \/>\nLe rez-de-chauss\u00e9e accueille \u00e9galement la cuisine (commune aux deux \u00e9coles), dont l\u2019\u00e9quipement est conforme \u00e0 la l\u00e9gislation en vigueur, et la cantine de l\u2019\u00e9cole primaire, o\u00f9 peuvent d\u00e9jeuner une quarantaine d\u2019enfants.<br \/>\nC\u2019est au premier \u00e9tage de l\u2019\u00e9cole \u00e9l\u00e9mentaire que se trouvent les classes de troisi\u00e8me, quatri\u00e8me et cinqui\u00e8me, \u00e0 c\u00f4t\u00e9 d\u2019une salle de dessin, particuli\u00e8rement bien \u00e9quip\u00e9e pour les cours d\u2019\u00e9ducation au son et \u00e0 l\u2019image, et d\u2019une salle d\u2019informatique, de m\u00eame que des toilettes, bien entendu.<\/p>\n<table border=\"0\" align=\"center\">\n<tbody>\n<tr>\n<td style=\"text-align: center;\"><img loading=\"lazy\" decoding=\"async\" class=\" size-full wp-image-105\" style=\"border: 1px solid #000000;\" src=\"https:\/\/arvier.eu\/wp-content\/uploads\/2011\/01\/prima_elem.jpg\" alt=\"prima_elem\" width=\"250\" height=\"188\" \/><\/td>\n<td valign=\"top\"><img loading=\"lazy\" decoding=\"async\" class=\" size-full wp-image-106\" style=\"border: 1px solid #000000;\" src=\"https:\/\/arvier.eu\/wp-content\/uploads\/2011\/01\/quinta_eleme.jpg\" alt=\"quinta_eleme\" width=\"250\" height=\"188\" \/><\/td>\n<\/tr>\n<\/tbody>\n<\/table>\n<p style=\"text-align: justify;\">\n<p>L\u2019on acc\u00e8de \u00e0 l\u2019<strong>\u00c9COLE MATERNELLE<\/strong>\u00a0par un immense salon con\u00e7u pour accueillir diverses activit\u00e9s cr\u00e9atives, mais qui se pr\u00eate aussi \u00e0 la lecture et au jeu. Avant de se rendre dans leur classe, les enfants laissent leurs vestes et leurs chaussures au vestiaire. L\u2019\u00e9cole comprend deux grandes salles pleines de couleurs, o\u00f9 les travaux des \u00e9l\u00e8ves sont expos\u00e9s. La cantine, qui peut accueillir une vingtaine d\u2019enfants, est meubl\u00e9e de chaises et de tables adapt\u00e9s aux tout-petits et les toilettes sont elles aussi \u00e9quip\u00e9es de sanitaires pour enfants. Une salle de repos accueille les plus jeunes pour la sieste, tandis qu\u2019une autre salle est destin\u00e9e aux r\u00e9unions des enseignants et \u00e0 la programmation des activit\u00e9s.<\/p>\n<p>La cour de l\u2019\u00e9cole est particuli\u00e8rement grande, avec un beau gazon et des jeux (toboggan, petit train, tables et bancs\u2026), ce qui permet aux enfants de jouer dehors pendant la r\u00e9cr\u00e9ation, \u00e0 la belle saison.<\/p>\n<table border=\"0\" align=\"center\">\n<tbody>\n<tr>\n<td><img loading=\"lazy\" decoding=\"async\" class=\" size-full wp-image-107\" src=\"https:\/\/arvier.eu\/wp-content\/uploads\/2011\/01\/salone_materna.jpg\" alt=\"salone_materna\" width=\"250\" height=\"187\" \/><\/td>\n<td valign=\"top\"><img loading=\"lazy\" decoding=\"async\" class=\" size-full wp-image-108\" src=\"https:\/\/arvier.eu\/wp-content\/uploads\/2011\/01\/aula_grdi_materna.jpg\" alt=\"aula_grdi_materna\" width=\"250\" height=\"187\" \/><\/td>\n<\/tr>\n<\/tbody>\n<\/table>\n<div><\/div>\n<h2>Modalit\u00e9s d\u2019inscription<\/h2>\n<ul>\n<li>\u00c9cole primaire :<\/li>\n<\/ul>\n<p>L\u2019institution scolaire \u00ab Maria Ida Viglino \u00bb de Villeneuve envoie une communication \u00e9crite \u00e0 la Commune. Celle-ci informe les enseignants de l\u2019\u00e9cole primaire d\u2019Arvier de l\u2019ouverture des inscriptions et ce sont ces derniers qui contactent les familles des \u00e9l\u00e8ves.<\/p>\n<ul>\n<li>\u00c9cole maternelle :<\/li>\n<\/ul>\n<p>La Commune contacte les familles des enfants qui auront trois ans au cours de l\u2019ann\u00e9e scolaire suivante. Les familles int\u00e9ress\u00e9es rencontrent les enseignants le jour fix\u00e9, pour remplir la demande d\u2019inscription \u00e0 l\u2019\u00e9cole maternelle.<\/p>\n<p>Pour tout renseignement compl\u00e9mentaire, s\u2019adresser aux bureaux de la Commune ou de l\u2019Institution scolaire \u00ab Maria Ida Viglino \u00bb de Villeneuve (+39) 0165 95223.<\/p>\n<div><\/div>\n<h2>Restauration scolaire<\/h2>\n<div><a href=\"https:\/\/arvier.eu\/regolamento-del-servizio-di-refezione-scolastica\/\" rel=\"alternate\">R\u00e8glement communal du service de restauration scolaire<\/a><\/div>\n<div><\/div>\n<div>\n<p>La d\u00e9lib\u00e9ration du conseil n\u00b0 3 du 10 f\u00e9vrier 2010 \u2013 D\u00e9finition des quotas et tarifs relatifs aux services communaux pour l\u2019ann\u00e9e 2011 \u2013 a \u00e9tabli les tarifs du service de restauration scolaire, \u00e0 savoir :<\/p>\n<ul>\n<li>Abonnement annuel : 100 \u20ac<\/li>\n<li>Prix par repas : 3,50 \u20ac<\/li>\n<\/ul>\n<p>Le service de restauration scolaire propos\u00e9 par la commune est essentiellement con\u00e7u pour r\u00e9pondre aux exigences des familles mais entend aussi proposer des menus sains et \u00e9quilibr\u00e9s. Ceux-ci ont \u00e9t\u00e9 \u00e9labor\u00e9s par les di\u00e9t\u00e9ticiens de l\u2019USL et r\u00e9unissent chaque semaine tous les aliments dont les enfants ont besoin pour grandir en bonne sant\u00e9.<\/p>\n<table border=\"0\" align=\"center\">\n<tbody>\n<tr>\n<td><img loading=\"lazy\" decoding=\"async\" class=\" size-full wp-image-109\" src=\"https:\/\/arvier.eu\/wp-content\/uploads\/2011\/01\/cucina.jpg\" alt=\"cucina\" width=\"250\" height=\"187\" \/><\/td>\n<td valign=\"top\"><img loading=\"lazy\" decoding=\"async\" class=\" size-full wp-image-110\" src=\"https:\/\/arvier.eu\/wp-content\/uploads\/2011\/01\/refettorio_scuola_elementare.jpg\" alt=\"refettorio_scuola_elementare\" width=\"250\" height=\"187\" \/><\/td>\n<\/tr>\n<\/tbody>\n<\/table>\n<\/div>\n<div><\/div>\n<div>\n<h2>Service de transport scolaire<\/h2>\n<\/div>\n<p><a title=\"Regolamento del servizio di trasporto scolastico\" href=\"https:\/\/arvier.eu\/regolamento-del-servizio-di-trasporto-scolastico\/\" rel=\"nofollow\">R\u00e8glement communal du service de transport scolaire<\/a><\/p>\n<div>\n<p>La d\u00e9lib\u00e9ration du conseil n\u00b0 3 du 10 f\u00e9vrier 2010 \u2013 D\u00e9finition des quotas et tarifs relatifs aux services communaux pour l\u2019ann\u00e9e 2011 \u2013 a \u00e9tabli les tarifs du service de transport scolaire, \u00e0 savoir 100 \u20ac par an.<\/p>\n<\/div>\n","protected":false},"excerpt":{"rendered":"<p>L\u2019\u00e9cole primaire et l\u2019\u00e9cole maternelle d\u2019Arvier occupent les deux ailes d\u2019un m\u00eame \u00e9difice.<\/p>\n","protected":false},"author":1,"featured_media":0,"parent":7143,"menu_order":8,"comment_status":"closed","ping_status":"closed","template":"","meta":{"footnotes":""},"tags":[],"class_list":["post-7170","page","type-page","status-publish","hentry"],"publishpress_future_action":{"enabled":false,"date":"2026-05-04 17:43:35","action":"change-status","newStatus":"draft","terms":[],"taxonomy":"post_tag","extraData":[]},"publishpress_future_workflow_manual_trigger":{"enabledWorkflows":[]},"_links":{"self":[{"href":"https:\/\/arvier.eu\/fr\/wp-json\/wp\/v2\/pages\/7170","targetHints":{"allow":["GET"]}}],"collection":[{"href":"https:\/\/arvier.eu\/fr\/wp-json\/wp\/v2\/pages"}],"about":[{"href":"https:\/\/arvier.eu\/fr\/wp-json\/wp\/v2\/types\/page"}],"author":[{"embeddable":true,"href":"https:\/\/arvier.eu\/fr\/wp-json\/wp\/v2\/users\/1"}],"replies":[{"embeddable":true,"href":"https:\/\/arvier.eu\/fr\/wp-json\/wp\/v2\/comments?post=7170"}],"version-history":[{"count":0,"href":"https:\/\/arvier.eu\/fr\/wp-json\/wp\/v2\/pages\/7170\/revisions"}],"up":[{"embeddable":true,"href":"https:\/\/arvier.eu\/fr\/wp-json\/wp\/v2\/pages\/7143"}],"wp:attachment":[{"href":"https:\/\/arvier.eu\/fr\/wp-json\/wp\/v2\/media?parent=7170"}],"wp:term":[{"taxonomy":"post_tag","embeddable":true,"href":"https:\/\/arvier.eu\/fr\/wp-json\/wp\/v2\/tags?post=7170"}],"curies":[{"name":"wp","href":"https:\/\/api.w.org\/{rel}","templated":true}]}}