{"id":7227,"date":"2012-05-19T11:51:29","date_gmt":"2012-05-19T09:51:29","guid":{"rendered":"https:\/\/arvier.eu\/escursioni-e-sport\/trekking\/"},"modified":"2022-03-03T12:44:42","modified_gmt":"2022-03-03T11:44:42","slug":"trekking","status":"publish","type":"page","link":"https:\/\/arvier.eu\/fr\/territorio\/escursioni-e-sport\/trekking\/","title":{"rendered":"Trekking"},"content":{"rendered":"<p style=\"text-align: center;\"><strong><img loading=\"lazy\" decoding=\"async\" class=\"size-full wp-image-637 alignleft\" src=\"https:\/\/arvier.eu\/wp-content\/uploads\/2012\/05\/Trekking.jpg\" alt=\"Trekking\" width=\"400\" height=\"267\" \/><\/strong><\/p>\n<p>L\u2019altitude de la commune d\u2019Arvier va des 652 m du hameau de Mecosse, situ\u00e9 pr\u00e8s de la Doire Balt\u00e9e, aux 3 442 m du sommet du mont Ch\u00e2teau Blanc, dans le Valgrisenche.<br \/>\nEntre ces deux extr\u00eames, il existe un r\u00e9seau de sentiers : des parcours qui reliaient autrefois les diff\u00e9rents hameaux, mettaient en communication les hameaux les plus hauts avec les deux bourgs du fond de la vall\u00e9e (Leverogne et Arvier), ou menaient aux zones agricoles.<br \/>\nAu cours du XXe si\u00e8cle, un \u00e9ventail de routes goudronn\u00e9es, de chemins ruraux et de pistes foresti\u00e8res a remplac\u00e9 ce r\u00e9seau qui, au fil des si\u00e8cles, avait \u00e9t\u00e9 parcouru \u00e0 pied par les enfants se rendant \u00e0 l\u2019\u00e9cole, par les adultes qui allaient au travail ou se rendaient aux diff\u00e9rentes f\u00eates patronales, et qui les empruntaient tant\u00f4t avec les mulets charg\u00e9s de foin, pendant la saison de la fenaison, tant\u00f4t avec les chariots transportant les vendanges, tant\u00f4t avec leurs troupeaux, lors de la transhumance.<br \/>\nCette nouvelle viabilit\u00e9 a, d\u2019une part, beaucoup contribu\u00e9 au d\u00e9veloppement de notre communaut\u00e9 et, d\u2019autre part, elle a in\u00e9vitablement compromis les anciens chemins.<br \/>\nDans d\u2019autres cas, les nouvelles routes ont \u00e9t\u00e9 construites loin des anciens chemins, pr\u00e9servant ainsi ceux qui constituent aujourd\u2019hui \u2013 ou pourraient le devenir \u2013 des itin\u00e9raires fascinants, surtout au printemps et en automne, quand les sentiers de haute montagne sont inaccessibles.<br \/>\nCertains parcours sont bien connus, parce qu\u2019ils font partie des itin\u00e9raires de diff\u00e9rentes manifestations sportives (c\u2019est le cas du\u00a0\u201c<em>S\u00e9ntch\u00ec di-z-itchil\u00ec<\/em>\u201d qui relie le lac de Lolair aux hameaux de Baise-Pierre et de Baulin (lequel se trouve dans la commune d\u2019Avise), ou parce qu\u2019ils relient les villages de diff\u00e9rentes communes situ\u00e9s sur un m\u00eame versant, comme le\u00a0<em>S\u00e9ntch\u00ec de la Crozatie<\/em>, qui relie Leverogne \u00e0 la commune de Saint-Nicolas ou le\u00a0<em>S\u00e9ntch\u00ec di Sarenou<\/em>, qui relie Runaz (dans la commune d\u2019Avise) \u00e0 Rochefort.<br \/>\nD\u2019autres sentiers ont \u00e9t\u00e9 abandonn\u00e9s au fil des ann\u00e9es ou bien n\u2019ont pas \u00e9t\u00e9 balis\u00e9s, car ils ne sont parcourus que par des intr\u00e9pides.<br \/>\nTous ces parcours n\u00e9cessitent un entretien constant, qui va au-del\u00e0 des travaux de r\u00e9am\u00e9nagement et d\u2019entretien extraordinaire r\u00e9alis\u00e9s en cours d\u2019ann\u00e9e dans le cadre des chantiers forestiers.<br \/>\nMalheureusement, l\u2019Administration communale n\u2019a pas toujours les moyens de faire face \u00e0 ces travaux et a \u00e9t\u00e9 donc \u00e9t\u00e9 oblig\u00e9e de privil\u00e9gier certains sentiers.<br \/>\nCe choix a \u00e9t\u00e9 fait en collaboration avec la R\u00e9gion, qui a r\u00e9cemment mis en r\u00e9seau le \u00ab g\u00e9onavigateur \u00bb, un outil informatique ayant pour but de mettre \u00e0 la disposition des passionn\u00e9s de randonn\u00e9e la cartographie des sentiers r\u00e9gionaux conseill\u00e9s.<\/p>\n<p>Vous \u00eates donc invit\u00e9s \u00e0 consulter le g\u00e9onavigateur,\u00a0<strong>sachant que quand vous acc\u00e9dez aux informations sur le r\u00e9seau des sentiers, vous d\u00e9gagez les exploitants du site de toute responsabilit\u00e9.<\/strong><\/p>\n<table border=\"0\" align=\"center\">\n<tbody>\n<tr>\n<td>Acc\u00e9dez au g\u00e9onavigateur:<\/td>\n<td><a href=\"http:\/\/geonavsct.partout.it\/pub\/geosentieri\/\"><img loading=\"lazy\" decoding=\"async\" class=\" size-full wp-image-638\" src=\"https:\/\/arvier.eu\/wp-content\/uploads\/2012\/05\/geonavigatore.jpg\" alt=\"\" width=\"180\" height=\"65\" border=\"0\" \/><\/a><\/td>\n<\/tr>\n<\/tbody>\n<\/table>\n<p>Pour signaler quoi que ce soit, pour avoir des renseignements et des conseils, contactez la Commune :\u00a0<span id=\"cloakdd5bfa9117ff78a9ef81857ec3378a20\"><a href=\"mailto:info@comune.arvier.ao.it\">info@comune.arvier.ao.it<\/a><\/span><\/p>\n<p><strong>Et alors en route\u2026 et bonne marche sur les sentiers d\u2019Arvier !<\/strong><\/p>\n","protected":false},"excerpt":{"rendered":"<p>L\u2019altitude de la commune d\u2019Arvier va des 652 m du hameau de Mecosse, situ\u00e9 pr\u00e8s de la Doire Balt\u00e9e, aux 3 442 m du sommet du mont Ch\u00e2teau Blanc, dans le Valgrisenche.<\/p>\n","protected":false},"author":1,"featured_media":0,"parent":7223,"menu_order":2,"comment_status":"closed","ping_status":"closed","template":"","meta":{"footnotes":""},"tags":[],"class_list":["post-7227","page","type-page","status-publish","hentry"],"publishpress_future_action":{"enabled":false,"date":"2026-05-08 06:26:30","action":"change-status","newStatus":"draft","terms":[],"taxonomy":"post_tag","extraData":[]},"publishpress_future_workflow_manual_trigger":{"enabledWorkflows":[]},"_links":{"self":[{"href":"https:\/\/arvier.eu\/fr\/wp-json\/wp\/v2\/pages\/7227","targetHints":{"allow":["GET"]}}],"collection":[{"href":"https:\/\/arvier.eu\/fr\/wp-json\/wp\/v2\/pages"}],"about":[{"href":"https:\/\/arvier.eu\/fr\/wp-json\/wp\/v2\/types\/page"}],"author":[{"embeddable":true,"href":"https:\/\/arvier.eu\/fr\/wp-json\/wp\/v2\/users\/1"}],"replies":[{"embeddable":true,"href":"https:\/\/arvier.eu\/fr\/wp-json\/wp\/v2\/comments?post=7227"}],"version-history":[{"count":0,"href":"https:\/\/arvier.eu\/fr\/wp-json\/wp\/v2\/pages\/7227\/revisions"}],"up":[{"embeddable":true,"href":"https:\/\/arvier.eu\/fr\/wp-json\/wp\/v2\/pages\/7223"}],"wp:attachment":[{"href":"https:\/\/arvier.eu\/fr\/wp-json\/wp\/v2\/media?parent=7227"}],"wp:term":[{"taxonomy":"post_tag","embeddable":true,"href":"https:\/\/arvier.eu\/fr\/wp-json\/wp\/v2\/tags?post=7227"}],"curies":[{"name":"wp","href":"https:\/\/api.w.org\/{rel}","templated":true}]}}