{"id":7228,"date":"2011-11-07T21:36:50","date_gmt":"2011-11-07T20:36:50","guid":{"rendered":"https:\/\/arvier.eu\/descrizione-del-territorio\/"},"modified":"2022-03-03T12:58:32","modified_gmt":"2022-03-03T11:58:32","slug":"descrizione-del-territorio","status":"publish","type":"page","link":"https:\/\/arvier.eu\/fr\/territorio\/descrizione-del-territorio\/","title":{"rendered":"Territoire"},"content":{"rendered":"<p><img loading=\"lazy\" decoding=\"async\" class=\" size-full wp-image-321\" style=\"display: block; margin-left: auto; margin-right: auto; border: 1px solid #000000;\" src=\"https:\/\/arvier.eu\/wp-content\/uploads\/2011\/11\/arvier_enfer.jpg\" alt=\"arvier_enfer\" width=\"500\" height=\"330\" \/><\/p>\n<p style=\"text-align: justify;\">Arvier est une commune de la Vall\u00e9e centrale, situ\u00e9e environ \u00e0 mi-chemin d\u2019Aoste et de Courmayeur.<br \/>\nSon chef-lieu se trouve sur la rive droite de la Doire Balt\u00e9e \u00e0 une altitude de 770 m\u00e8tres, tout comme le hameau de Leverogne, mais le point le plus \u00e9lev\u00e9 du territoire communal, dont la superficie est de 33,4 km2, atteint 3 442 m\u00e8tres. En venant d\u2019Aoste, l\u2019on d\u00e9couvre avant tout, du c\u00f4t\u00e9 droit de la route, la maison communale, alors que du c\u00f4t\u00e9 gauche, l\u2019on peut voir les premi\u00e8res maisons du bourg d\u2019Arvier. L\u2019\u00e9glise et le ch\u00e2teau se trouvent \u00e9galement de ce c\u00f4t\u00e9, mais un peu plus haut. En suivant la route, l\u2019on parvient au hameau de Leverogne, situ\u00e9 \u00e0 l\u2019entr\u00e9e du Valgrisenche.<br \/>\nEn remontant cette vall\u00e9e, l\u2019on rencontre les hameaux de Rochefort, de La Ravoire, de Chamin, de Chamen\u00e7on, de Baise-Pierre et, enfin, de Planaval, dernier hameau avant la commune de Valgrisenche. Juste au-dessus de Leverogne, l\u2019on trouve le petit hameau de Chez-les-Garin, alors qu\u2019en amont d\u2019Arvier sont situ\u00e9s les hameaux de Chez-les Fournier, de Chez-les-Moget, de La Cr\u00eate, de Verney, du Petit-Haury et du Grand-Haury. Si l\u2019on descend la vall\u00e9e centrale, en direction de la commune de Villeneuve, l\u2019on rencontre sur la gauche le hameau de Mecosse. Aucun village n\u2019a \u00e9t\u00e9 construit sur la rive gauche de la Doire, parce que la pente y est trop raide.<br \/>\nMais l\u2019exposition Sud et la pr\u00e9sence de parois rocheuses dominant les terrains en font le lieu id\u00e9al pour accueillir des vignobles, comme ceux de l\u2019Enfer.<\/p>\n","protected":false},"excerpt":{"rendered":"<p>Arvier est une commune de la Vall\u00e9e centrale, situ\u00e9e environ \u00e0 mi-chemin d\u2019Aoste et de Courmayeur.<\/p>\n","protected":false},"author":1,"featured_media":0,"parent":7378,"menu_order":1,"comment_status":"closed","ping_status":"closed","template":"","meta":{"footnotes":""},"tags":[],"class_list":["post-7228","page","type-page","status-publish","hentry"],"publishpress_future_action":{"enabled":false,"date":"2026-05-06 21:27:03","action":"change-status","newStatus":"draft","terms":[],"taxonomy":"post_tag","extraData":[]},"publishpress_future_workflow_manual_trigger":{"enabledWorkflows":[]},"_links":{"self":[{"href":"https:\/\/arvier.eu\/fr\/wp-json\/wp\/v2\/pages\/7228","targetHints":{"allow":["GET"]}}],"collection":[{"href":"https:\/\/arvier.eu\/fr\/wp-json\/wp\/v2\/pages"}],"about":[{"href":"https:\/\/arvier.eu\/fr\/wp-json\/wp\/v2\/types\/page"}],"author":[{"embeddable":true,"href":"https:\/\/arvier.eu\/fr\/wp-json\/wp\/v2\/users\/1"}],"replies":[{"embeddable":true,"href":"https:\/\/arvier.eu\/fr\/wp-json\/wp\/v2\/comments?post=7228"}],"version-history":[{"count":0,"href":"https:\/\/arvier.eu\/fr\/wp-json\/wp\/v2\/pages\/7228\/revisions"}],"up":[{"embeddable":true,"href":"https:\/\/arvier.eu\/fr\/wp-json\/wp\/v2\/pages\/7378"}],"wp:attachment":[{"href":"https:\/\/arvier.eu\/fr\/wp-json\/wp\/v2\/media?parent=7228"}],"wp:term":[{"taxonomy":"post_tag","embeddable":true,"href":"https:\/\/arvier.eu\/fr\/wp-json\/wp\/v2\/tags?post=7228"}],"curies":[{"name":"wp","href":"https:\/\/api.w.org\/{rel}","templated":true}]}}