{"id":7240,"date":"2021-11-22T18:25:24","date_gmt":"2021-11-22T17:25:24","guid":{"rendered":"https:\/\/arvier.eu\/arvier-capoluogo-e-frazioni\/"},"modified":"2022-03-03T13:06:27","modified_gmt":"2022-03-03T12:06:27","slug":"arvier-capoluogo-e-frazioni","status":"publish","type":"page","link":"https:\/\/arvier.eu\/fr\/territorio\/arvier-capoluogo-e-frazioni\/","title":{"rendered":"Arvier chef-lieu"},"content":{"rendered":"\n<figure class=\"wp-block-image is-style-default\"><a href=\"https:\/\/arvier.eu\/wp-content\/uploads\/2011\/11\/Capoluogo.jpg\"><img decoding=\"async\" src=\"https:\/\/arvier.eu\/wp-content\/uploads\/2011\/11\/Capoluogo_b.jpg\" alt=\"Capoluogo_b\" class=\"wp-image-409\" title=\"Foto Andrea Vallet\"\/><\/a><\/figure>\n\n\n\n<p>\u00c0 la sortie du tunnel de Mecosse, la vall\u00e9e centrale devient plus large, offrant aux automobilistes qui empruntent la nationale 26 un panorama digne d\u2019une carte postale.<br>C\u2019est la carte de visite du chef-lieu d\u2019Arvier : le ch\u00e2teau La Mothe sur son promontoire rocheux, l\u2019\u00e9glise paroissiale Saint-Sulpice avec son clocher du XVe si\u00e8cle, le sanctuaire de Rochefort au loin, avec, en toile de fond le glacier du Rutor.<\/p>\n\n\n\n<p>Le ch\u00e2teau fut \u00e9difi\u00e9 par les nobles De Arverio et, \u00e0 la fin du XIIIe si\u00e8cle, fut apport\u00e9 en dot par la seule h\u00e9riti\u00e8re de cette famille, lorsqu\u2019elle \u00e9pousa le chevalier savoyard Aymar de La Mothe. L\u2019\u00e9difice passa ensuite \u00e0 la famille des nobles d\u2019Avise par l\u2019interm\u00e9diaire de Jeannette de La Mothe qui, selon l\u2019historien Jean-Baptiste de Tillier, \u00e9pousa Pierre d\u2019Avise \u00e0 la deuxi\u00e8me moiti\u00e9 du XIVe si\u00e8cle. Le ch\u00e2teau resta la propri\u00e9t\u00e9 de la famille d\u2019Avise pendant des si\u00e8cles mais, entre la fin du XVIIe et le d\u00e9but du XVIIIe si\u00e8cle, il fut c\u00e9d\u00e9 aux Lostan et aux nobles Sarriod de La Tour, \u00e0 la suite de mariages. Vers la moiti\u00e9 du XVIIIe si\u00e8cle, le ch\u00e2teau n\u2019\u00e9tait d\u00e9j\u00e0 plus habit\u00e9 et \u00e9tait en mauvais \u00e9tat.<\/p>\n\n\n\n<p>Pour ce qui est de la paroisse d\u2019Arvier, les premi\u00e8res informations dont nous disposons remontent \u00e0 1206, lorsqu\u2019elle d\u00e9pendait directement de l\u2019hospice du Petit-Saint-Bernard. Plus d\u2019un si\u00e8cle plus tard, elle passa sous l\u2019autorit\u00e9 directe de la pr\u00e9v\u00f4t\u00e9 de Saint-Gilles de Verr\u00e8s. Certaines sources non document\u00e9es affirment que, pendant la phase la plus ancienne de l\u2019histoire de la paroisse \u2013 qui jusqu\u2019en 1393 comprenait tout le Valgrisenche \u2013 l\u2019\u00e9glise principale \u00e9tait situ\u00e9e dans l\u2019ancien bourg de Leverogne. Mais selon les sources les plus s\u00fbres, la chapelle de Leverogne ne fut \u00e9difi\u00e9e qu\u2019apr\u00e8s la deuxi\u00e8me moiti\u00e9 du XIVe si\u00e8cle, sous le patronage de la Nativit\u00e9 de la Vierge, alors que l\u2019\u00e9glise d\u2019Arvier existait d\u00e9j\u00e0. Les premi\u00e8res donn\u00e9es document\u00e9es quant \u00e0 l\u2019\u00e9tat de l\u2019\u00e9glise et de son mobilier figurent sur les proc\u00e8s verbaux des visites pastorales de 1414, 1416 et 1420, dans lesquels l\u2019\u00e9v\u00eaque invitait le cur\u00e9 \u00e0 faire d\u00e9molir le mur situ\u00e9 \u00e0 proximit\u00e9 des fonts baptismaux, \u00e0 abattre \u00ab le rocher \u00bb, \u00e0 refaire les combles, \u00e0 r\u00e9parer la tribune qui risquait de s\u2019\u00e9crouler. Le clocher aussi \u00e9tait en mauvais \u00e9tat : la salle des cloches \u00e9tait instable et la fl\u00e8che risquait m\u00eame de s\u2019effondrer. C\u2019est probablement \u00e0 cause de ces probl\u00e8mes que le clocher fut consolid\u00e9, et peut-\u00eatre m\u00eame sur\u00e9lev\u00e9, et que fut construite la nouvelle fl\u00e8che \u00e0 quatre pans cantonn\u00e9e de quatre clochetons, la seule de ce genre en Vall\u00e9e d\u2019Aoste. En 1680, gr\u00e2ce \u00e0 l\u2019intervention du cur\u00e9 Jacques Ferrod, originaire du bourg d\u2019Arvier, il fut d\u00e9cid\u00e9 de construire une nouvelle \u00e9glise pour remplacer l\u2019ancien b\u00e2timent, vieux probablement de six si\u00e8cles. Les travaux se termin\u00e8rent en 1701 et en 1717, les fr\u00e8res Gilardi r\u00e9alis\u00e8rent le ma\u00eetre-autel qui, aujourd\u2019hui encore, attire l\u2019attention des visiteurs de l\u2019\u00e9glise. Vers la moiti\u00e9 du XIXe si\u00e8cle, la coupole et les deux sacristies furent b\u00e2ties. Les derniers travaux de r\u00e9novation globale furent r\u00e9alis\u00e9s dans les ann\u00e9es 1960.<br>Face \u00e0 l\u2019\u00e9glise paroissiale, l\u2019on peut admirer la chapelle d\u00e9di\u00e9e \u00e0 Saint-Joseph, que la Confr\u00e9rie du Tr\u00e8s Saint Sacrement construisit en 1644 sur le terrain offert par le noble Mathieu de Lostan. L\u2019\u00e9difice a \u00e9t\u00e9 compl\u00e8tement reconstruit au XIXe si\u00e8cle. Depuis des ann\u00e9es, la chapelle Saint-Joseph n\u2019est plus destin\u00e9e au culte mais, apr\u00e8s sa r\u00e9novation compl\u00e8te voulue par l\u2019Administration communale, elle accueille des expositions estivales et des manifestations culturelles.<\/p>\n\n\n\n<p>Face \u00e0 l\u2019\u00e9glise, sur la place qui porte le nom du martyr de la r\u00e9sistance, \u00c9mile Chanoux, se dressent la maison paroissiale et l\u2019\u00e9difice qui abrita tout d\u2019abord la Confr\u00e9rie du Saint-Esprit, puis, jusqu\u2019en 1937, la maison communale. Suite \u00e0 des travaux de r\u00e9novation, l\u2019Administration communale a destin\u00e9 ce b\u00e2timent \u2013 caract\u00e9ris\u00e9 par une petite vo\u00fbte en-dessous de laquelle passe la poy\u00e0 de S\u00e8nt-oo \u2013 au si\u00e8ge du club de ski Corrado Gex.<br>Pr\u00e8s de l\u2019\u00e9glise, on trouve, un peu plus haut, la micro-communaut\u00e9 pour personnes \u00e2g\u00e9es, construite dans les ann\u00e9es 1980, l\u00e0 o\u00f9 se trouvaient les anciennes \u00e9coles, et en contrebas, le jardin public communal.<br>Cet espace est dot\u00e9 d\u2019un terrain de football \u00e0 cinq en gazon synth\u00e9tique, d\u2019un petit lac, d\u2019une aire de jeux et d\u2019un bar ouvert pendant l\u2019\u00e9t\u00e9. Toute la zone est couverte par un l\u2019\u00e9cole maternelle, l\u2019\u00e9cole primaire.<br>De plus, au chef-lieu d\u2019Arvier, l\u2019\u00e9cole maternelle, l\u2019\u00e9cole primaire, la salle polyvalente et la biblioth\u00e8que communale se trouvent toutes dans le m\u00eame complexe, qui a \u00e9t\u00e9 b\u00e2ti r\u00e9cemment, afin de reconvertir la zone des anciennes casernes. Derni\u00e8rement, un parking souterrain a \u00e9t\u00e9 r\u00e9alis\u00e9 \u00e0 quelques pas.<br>Une agence bancaire occupe aujourd\u2019hui le rez-de-chauss\u00e9e de l\u2019ancien Albergo Italia, o\u00f9 s\u2019install\u00e8rent, entre 1937 et 1976, la maison communale et la biblioth\u00e8que.<br>Depuis 1976, la maison communale se trouve \u00e0 l\u2019entr\u00e9e du chef-lieu, dans un autre b\u00e2timent dont le rez-de-chauss\u00e9e abrite le bureau de poste.<br>Dans les ann\u00e9es 1990, un nouvel \u00e9difice a \u00e9t\u00e9 construit \u00e0 c\u00f4t\u00e9 : il accueille aujourd\u2019hui les cabinets m\u00e9dicaux, la pharmacie et la salle du conseil.<br>Depuis 2010, pour valoriser l\u2019ancien bourg d\u2019Arvier, l\u2019Administration communale a institu\u00e9 une zone pi\u00e9tonne, o\u00f9 le public peut d\u00e9couvrir une exposition \u00e0 ciel ouvert.<\/p>\n\n\n\n<figure class=\"wp-block-image is-style-default\"><a href=\"https:\/\/arvier.eu\/wp-content\/uploads\/2011\/11\/Borgo_Arvier_-_Gianni_Spinardi.jpg\"><img decoding=\"async\" src=\"https:\/\/arvier.eu\/wp-content\/uploads\/2011\/11\/Borgo_Arvier_-_Gianni_Spinardi_b.jpg\" alt=\"Borgo_Arvier_-_Gianni_Spinardi_b\" class=\"wp-image-412\" title=\"Foto Gianni Spinardi\"\/><\/a><\/figure>\n\n\n\n<p><strong>Fonti: &nbsp;<\/strong><br>Ambroise Roux, La Paroisse d\u2019Arvier, Imprimerie Catholique, Aoste 1910.<br>Pro Loco di Arvier, Le Conte d\u2019eun cou, Imprimerie vald\u00f4taine, Aoste 1995.<br>AA.VV., Arvier, Una comunit\u00e0 nella Storia, Musumeci editore, Quart 2004.<br>AA.VV., Planaval, Histoire, m\u00e9moire et traditions d\u2019une petite communaut\u00e9, LeCh\u00e2teau, Aoste 2009.<br>AA.VV., Baise-Pierre, Entre histoire et souvenir, Tipografia Marcoz, Morgex 2011.<\/p>\n","protected":false},"excerpt":{"rendered":"<p>\u00c0 la sortie du tunnel de Mecosse, la vall\u00e9e centrale devient plus large, offrant aux automobilistes qui empruntent la nationale 26 un panorama digne d\u2019une carte postale.<\/p>\n","protected":false},"author":1,"featured_media":0,"parent":7378,"menu_order":4,"comment_status":"closed","ping_status":"closed","template":"","meta":{"footnotes":""},"tags":[],"class_list":["post-7240","page","type-page","status-publish","hentry"],"publishpress_future_action":{"enabled":false,"date":"2026-05-04 18:04:34","action":"change-status","newStatus":"draft","terms":[],"taxonomy":"post_tag","extraData":[]},"publishpress_future_workflow_manual_trigger":{"enabledWorkflows":[]},"_links":{"self":[{"href":"https:\/\/arvier.eu\/fr\/wp-json\/wp\/v2\/pages\/7240","targetHints":{"allow":["GET"]}}],"collection":[{"href":"https:\/\/arvier.eu\/fr\/wp-json\/wp\/v2\/pages"}],"about":[{"href":"https:\/\/arvier.eu\/fr\/wp-json\/wp\/v2\/types\/page"}],"author":[{"embeddable":true,"href":"https:\/\/arvier.eu\/fr\/wp-json\/wp\/v2\/users\/1"}],"replies":[{"embeddable":true,"href":"https:\/\/arvier.eu\/fr\/wp-json\/wp\/v2\/comments?post=7240"}],"version-history":[{"count":0,"href":"https:\/\/arvier.eu\/fr\/wp-json\/wp\/v2\/pages\/7240\/revisions"}],"up":[{"embeddable":true,"href":"https:\/\/arvier.eu\/fr\/wp-json\/wp\/v2\/pages\/7378"}],"wp:attachment":[{"href":"https:\/\/arvier.eu\/fr\/wp-json\/wp\/v2\/media?parent=7240"}],"wp:term":[{"taxonomy":"post_tag","embeddable":true,"href":"https:\/\/arvier.eu\/fr\/wp-json\/wp\/v2\/tags?post=7240"}],"curies":[{"name":"wp","href":"https:\/\/api.w.org\/{rel}","templated":true}]}}