{"id":7252,"date":"2011-11-07T21:39:25","date_gmt":"2011-11-07T20:39:25","guid":{"rendered":"https:\/\/arvier.eu\/arvier-capoluogo-e-frazioni\/petit-haury\/"},"modified":"2022-03-03T13:11:52","modified_gmt":"2022-03-03T12:11:52","slug":"petit-haury","status":"publish","type":"page","link":"https:\/\/arvier.eu\/fr\/territorio\/arvier-capoluogo-e-frazioni\/petit-haury\/","title":{"rendered":"Petit-Haury"},"content":{"rendered":"<p style=\"text-align: center;\"><a href=\"https:\/\/arvier.eu\/wp-content\/uploads\/2011\/11\/Petit_Haury_1.jpg\"><img loading=\"lazy\" decoding=\"async\" class=\" size-full wp-image-471\" title=\"Foto Andrea Vallet\" src=\"https:\/\/arvier.eu\/wp-content\/uploads\/2011\/11\/Petit_Haury_1_b.jpg\" alt=\"Petit_Haury_1_b\" width=\"800\" height=\"533\" \/><\/a><\/p>\n<p style=\"text-align: justify;\">En prenant la route communale qui, depuis le chef-lieu, monte \u00e0\u00a0<a class=\"external-link\" title=\"Questo \u00e8 un collegamento ad un sito esterno.\" href=\"http:\/\/arvier.eu\/arvier-e-frazioni\/grand-haury.html\">Grand-Haury<\/a>, et apr\u00e8s avoir pass\u00e9 le Plan di Rouz\u00ec, th\u00e9\u00e2tre d\u2019anciennes l\u00e9gendes, l\u2019on arrive au Petit-Haury.<br \/>\nEn 1729, Jean-Fran\u00e7ois Darbelley, recteur de la\u00a0<a class=\"external-link\" title=\"Questo \u00e8 un collegamento ad un sito esterno.\" href=\"http:\/\/arvier.eu\/beni-storico-artistici\/chiesa-parrocchiale-e-cappelle.html#CappellaLeverogne\">chapelle de Leverogne<\/a>, fit une donation pour construire des \u00e9coles dans les hameaux du Petit-Haury et du\u00a0<a class=\"external-link\" title=\"Questo \u00e8 un collegamento ad un sito esterno.\" href=\"http:\/\/arvier.eu\/arvier-e-frazioni\/grand-haury.html\">Grand-Haury<\/a>, en m\u00eame temps que cinq autres bienfaiteurs, qui firent des legs dans la m\u00eame intention.<br \/>\nLes deux \u00e9coles fonctionn\u00e8rent pendant plusieurs ann\u00e9es, avec quelques interruptions dues au manque d\u2019argent.<br \/>\nEn 1908, une querelle \u00e9clata entre les familles de ces deux petites communaut\u00e9s. Depuis plusieurs ann\u00e9es, les \u00e9coles avaient \u00e9t\u00e9 ouvertes, alternativement, dans un village ou dans l\u2019autre, mais puisque les \u00e9l\u00e8ves de Petit-Haury \u00e9taient moins nombreux, les habitants de Grand-Haury, le village du dessus, demand\u00e8rent \u00e0 l\u2019administration scolaire d\u2019installer d\u00e9finitivement l\u2019\u00e9cole dans leur hameau. Le Conseil scolaire formula un avis favorable \u00e0 ce propos, mais les autorit\u00e9s communales s\u2019y oppos\u00e8rent, jugeant qu\u2019ainsi les droits l\u00e9gitimes des habitants auraient \u00e9t\u00e9 l\u00e9s\u00e9s. Les habitants du\u00a0<a class=\"external-link\" title=\"Questo \u00e8 un collegamento ad un sito esterno.\" href=\"http:\/\/arvier.eu\/arvier-e-frazioni\/grand-haury.html\">Grand-Haury<\/a>\u00a0soulign\u00e8rent que leur village comptait 18 familles, alors qu\u2019il n\u2019y en avait que 8 au Petit-Haury et que, lors de la derni\u00e8re ann\u00e9e, seuls 4 enfants du Petit-Haury avaient fr\u00e9quent\u00e9 l\u2019\u00e9cole. Suite au recours, c\u2019est pr\u00e9cis\u00e9ment gr\u00e2ce au legs de 1792 que l\u2019\u00e9cole du Petit-Haury fut maintenue, mais des travaux de r\u00e9novation furent impos\u00e9s \u00e0 la Commune. Au cours des ann\u00e9es 1950, les deux \u00e9coles furent reconstruites et celle du Petit-Haury fut b\u00e2tie sur la petite place, devant le\u00a0<a class=\"external-link\" title=\"Questo \u00e8 un collegamento ad un sito esterno.\" href=\"http:\/\/arvier.eu\/cottura-del-pane.html\">four<\/a>\u00a0communautaire r\u00e9cemment r\u00e9nov\u00e9 par l\u2019Administration. Toutes deux ferm\u00e8rent finalement leurs portes en 1965, \u00e0 cause du d\u00e9peuplement progressif des deux hameaux.<br \/>\nDans les environs du Petit-Haury, il existe encore une ancienne scierie \u00e0 eau de 1880, appartenant \u00e0 la famille Chevr\u00e8re. De plus, \u00e0 c\u00f4t\u00e9 de la route communale, se dresse la chapelle d\u00e9di\u00e9e \u00e0 sainte Marguerite, qui fut compl\u00e8tement d\u00e9pouill\u00e9e durant l\u2019invasion fran\u00e7aise de 1691 et reconstruite en 1738.<\/p>\n<p style=\"text-align: center;\"><a href=\"https:\/\/arvier.eu\/wp-content\/uploads\/2011\/11\/Petit_Haury_2.jpg\"><img loading=\"lazy\" decoding=\"async\" class=\" size-full wp-image-474\" title=\"Foto Andrea Vallet\" src=\"https:\/\/arvier.eu\/wp-content\/uploads\/2011\/11\/Petit_Haury_2_b.jpg\" alt=\"Petit_Haury_2_b\" width=\"800\" height=\"533\" \/><\/a><\/p>\n<p style=\"text-align: justify;\">\n<p><strong>Fonti: \u00a0<\/strong><br \/>\nAmbroise Roux, La Paroisse d\u2019Arvier, Imprimerie Catholique, Aoste 1910.<br \/>\nPro Loco di Arvier, Le Conte d\u2019eun cou, Imprimerie vald\u00f4taine, Aoste 1995.<br \/>\nAA.VV., Arvier, Una comunit\u00e0 nella Storia, Musumeci editore, Quart 2004.<br \/>\nAA.VV., Planaval, Histoire, m\u00e9moire et traditions d\u2019une petite communaut\u00e9, LeCh\u00e2teau, Aoste 2009.<br \/>\nAA.VV., Baise-Pierre, Entre histoire et souvenir, Tipografia Marcoz, Morgex 2011.<\/p>\n","protected":false},"excerpt":{"rendered":"<p>En prenant la route communale qui, depuis le chef-lieu, monte \u00e0\u00a0Grand-Haury, et apr\u00e8s avoir pass\u00e9 le Plan di Rouz\u00ec, th\u00e9\u00e2tre d\u2019anciennes l\u00e9gendes, l\u2019on arrive au Petit-Haury.<\/p>\n","protected":false},"author":1,"featured_media":0,"parent":7240,"menu_order":10,"comment_status":"closed","ping_status":"closed","template":"","meta":{"footnotes":""},"tags":[],"class_list":["post-7252","page","type-page","status-publish","hentry"],"publishpress_future_action":{"enabled":false,"date":"2026-05-08 00:54:04","action":"change-status","newStatus":"draft","terms":[],"taxonomy":"post_tag","extraData":[]},"publishpress_future_workflow_manual_trigger":{"enabledWorkflows":[]},"_links":{"self":[{"href":"https:\/\/arvier.eu\/fr\/wp-json\/wp\/v2\/pages\/7252","targetHints":{"allow":["GET"]}}],"collection":[{"href":"https:\/\/arvier.eu\/fr\/wp-json\/wp\/v2\/pages"}],"about":[{"href":"https:\/\/arvier.eu\/fr\/wp-json\/wp\/v2\/types\/page"}],"author":[{"embeddable":true,"href":"https:\/\/arvier.eu\/fr\/wp-json\/wp\/v2\/users\/1"}],"replies":[{"embeddable":true,"href":"https:\/\/arvier.eu\/fr\/wp-json\/wp\/v2\/comments?post=7252"}],"version-history":[{"count":0,"href":"https:\/\/arvier.eu\/fr\/wp-json\/wp\/v2\/pages\/7252\/revisions"}],"up":[{"embeddable":true,"href":"https:\/\/arvier.eu\/fr\/wp-json\/wp\/v2\/pages\/7240"}],"wp:attachment":[{"href":"https:\/\/arvier.eu\/fr\/wp-json\/wp\/v2\/media?parent=7252"}],"wp:term":[{"taxonomy":"post_tag","embeddable":true,"href":"https:\/\/arvier.eu\/fr\/wp-json\/wp\/v2\/tags?post=7252"}],"curies":[{"name":"wp","href":"https:\/\/api.w.org\/{rel}","templated":true}]}}