{"id":7254,"date":"2011-11-07T21:39:25","date_gmt":"2011-11-07T20:39:25","guid":{"rendered":"https:\/\/arvier.eu\/arvier-capoluogo-e-frazioni\/le-verney\/"},"modified":"2022-03-03T13:12:46","modified_gmt":"2022-03-03T12:12:46","slug":"le-verney","status":"publish","type":"page","link":"https:\/\/arvier.eu\/fr\/territorio\/arvier-capoluogo-e-frazioni\/le-verney\/","title":{"rendered":"Verney"},"content":{"rendered":"<p style=\"text-align: center;\"><strong><a href=\"https:\/\/arvier.eu\/wp-content\/uploads\/2011\/11\/Verney1.jpg\"><img loading=\"lazy\" decoding=\"async\" class=\" size-full wp-image-466\" title=\"Foto Andrea Vallet\" src=\"https:\/\/arvier.eu\/wp-content\/uploads\/2011\/11\/Verney1_b.jpg\" alt=\"Verney1_b\" width=\"800\" height=\"502\" \/><\/a><br \/>\n<\/strong><\/p>\n<p style=\"text-align: justify;\">Le toponyme Verney, Lo Vern\u00e0i en patois, d\u00e9signe une for\u00eat d\u2019aulnes, le suffixe latin \u2013etum, ayant une valeur collective.<br \/>\nLe village, berceau de la famille du m\u00eame nom, est situ\u00e9 dans une clairi\u00e8re, face \u00e0\u00a0<a href=\"https:\/\/arvier.eu\/arvier-e-frazioni\/la-ravoire.html\">La Ravoire<\/a>. Caract\u00e9ris\u00e9 par ses grandes maisons, il \u00e9tait autrefois tr\u00e8s peupl\u00e9 : en 1951, 25 personnes y habitaient, alors que, de nos jours, une seule famille y r\u00e9side encore.<br \/>\nLe c\u0153ur du hameau se trouve au-dessous du Ru de l\u2019Eau Sourde, le canal d\u2019irrigation de trois kilom\u00e8tres de long qui desservait autrefois, et aujourd\u2019hui encore, la campagne d\u2019Arvier, ainsi nomm\u00e9 en raison de l\u2019\u00e9coulement silencieux de ses eaux.<br \/>\nLa zone situ\u00e9e en aval du hameau, l\u00e0 o\u00f9 le ru re\u00e7oit les eaux du torrent de Valgrisenche, est connue sous le m\u00eame nom. C\u2019est ici que se trouvait l\u2019agglom\u00e9ration du Badzo o\u00f9, d\u2019apr\u00e8s la l\u00e9gende, habitait le contrema\u00eetre qui coordonna les travaux de construction du clocher d\u2019Arvier, apr\u00e8s avoir gagn\u00e9 une \u00e9preuve consistant \u00e0 r\u00e9aliser un pieu en \u00e9quarrissant \u00e0 la hache un morceau de bois en s\u2019appuyant sur son genou. Le moulin du hameau se dresse au bord du ruisseau, \u00e0 un endroit panoramique, tandis que l\u2019ancien four en ruine est situ\u00e9 dans la partie la plus basse du village, l\u00e0 o\u00f9 arrive le sentier qui part du hameau de\u00a0Leverogne.<br \/>\nLungo il ruscello, in un luogo panoramico, troviamo anche il mulino della frazione, mentre l\u2019antico forno in rovina \u00e8 sito nella parte bassa del villaggio dove giunge il ripido sentiero che lo collega alla frazione .<br \/>\nLa\u00a0chapelle\u00a0rectangulaire, r\u00e9alis\u00e9e aux frais de divers habitants en 1652, se dresse en amont du village : elle est dot\u00e9e d\u2019un petit clocher mur avec une fen\u00eatre g\u00e9min\u00e9e et d\u2019une fa\u00e7ade orn\u00e9e d\u2019une fresque repr\u00e9sentant la Sainte Vierge et les saints protecteurs du village, L\u00e9onard et Grat.<\/p>\n<p style=\"text-align: center;\"><a href=\"https:\/\/arvier.eu\/wp-content\/uploads\/2011\/11\/Verney_2.jpg\"><img loading=\"lazy\" decoding=\"async\" class=\" size-full wp-image-469\" title=\"Foto Andrea Vallet\" src=\"https:\/\/arvier.eu\/wp-content\/uploads\/2011\/11\/Verney_2_b.jpg\" alt=\"Verney_2_b\" width=\"800\" height=\"426\" \/><\/a><\/p>\n<p><strong>Fonti: \u00a0<\/strong><br \/>\nAmbroise Roux, La Paroisse d\u2019Arvier, Imprimerie Catholique, Aoste 1910.<br \/>\nPro Loco di Arvier, Le Conte d\u2019eun cou, Imprimerie vald\u00f4taine, Aoste 1995.<br \/>\nAA.VV., Arvier, Una comunit\u00e0 nella Storia, Musumeci editore, Quart 2004.<br \/>\nAA.VV., Planaval, Histoire, m\u00e9moire et traditions d\u2019une petite communaut\u00e9, LeCh\u00e2teau, Aoste 2009.<br \/>\nAA.VV., Baise-Pierre, Entre histoire et souvenir, Tipografia Marcoz, Morgex 2011.<\/p>\n","protected":false},"excerpt":{"rendered":"<p>Le toponyme Verney, Lo Vern\u00e0i en patois, d\u00e9signe une for\u00eat d\u2019aulnes, le suffixe latin \u2013etum, ayant une valeur collective.<\/p>\n","protected":false},"author":1,"featured_media":0,"parent":7240,"menu_order":11,"comment_status":"closed","ping_status":"closed","template":"","meta":{"footnotes":""},"tags":[],"class_list":["post-7254","page","type-page","status-publish","hentry"],"publishpress_future_action":{"enabled":false,"date":"2026-05-07 23:54:07","action":"change-status","newStatus":"draft","terms":[],"taxonomy":"post_tag","extraData":[]},"publishpress_future_workflow_manual_trigger":{"enabledWorkflows":[]},"_links":{"self":[{"href":"https:\/\/arvier.eu\/fr\/wp-json\/wp\/v2\/pages\/7254","targetHints":{"allow":["GET"]}}],"collection":[{"href":"https:\/\/arvier.eu\/fr\/wp-json\/wp\/v2\/pages"}],"about":[{"href":"https:\/\/arvier.eu\/fr\/wp-json\/wp\/v2\/types\/page"}],"author":[{"embeddable":true,"href":"https:\/\/arvier.eu\/fr\/wp-json\/wp\/v2\/users\/1"}],"replies":[{"embeddable":true,"href":"https:\/\/arvier.eu\/fr\/wp-json\/wp\/v2\/comments?post=7254"}],"version-history":[{"count":0,"href":"https:\/\/arvier.eu\/fr\/wp-json\/wp\/v2\/pages\/7254\/revisions"}],"up":[{"embeddable":true,"href":"https:\/\/arvier.eu\/fr\/wp-json\/wp\/v2\/pages\/7240"}],"wp:attachment":[{"href":"https:\/\/arvier.eu\/fr\/wp-json\/wp\/v2\/media?parent=7254"}],"wp:term":[{"taxonomy":"post_tag","embeddable":true,"href":"https:\/\/arvier.eu\/fr\/wp-json\/wp\/v2\/tags?post=7254"}],"curies":[{"name":"wp","href":"https:\/\/api.w.org\/{rel}","templated":true}]}}