{"id":7274,"date":"2012-04-14T15:51:18","date_gmt":"2012-04-14T13:51:18","guid":{"rendered":"https:\/\/arvier.eu\/montagne-e-ghiacciai\/"},"modified":"2022-03-03T13:31:08","modified_gmt":"2022-03-03T12:31:08","slug":"montagne-e-ghiacciai","status":"publish","type":"page","link":"https:\/\/arvier.eu\/fr\/territorio\/beni-ambientali\/montagne-e-ghiacciai\/","title":{"rendered":"Montagnes et Glaciers"},"content":{"rendered":"<h1 style=\"text-align: center;\"><strong>Montagnes et Glaciers<\/strong><span style=\"color: #000000;\"><strong>\u00a0<\/strong><\/span><\/h1>\n<p style=\"text-align: justify;\">Deux des vingt-six\u00a0<strong>glaciers<\/strong>\u00a0du Valgrisenche se trouvent sur le territoire d\u2019Arvier : il s\u2019agit du\u00a0<strong>Ch\u00e2teau Blanc<\/strong>\u00a0et du glacier de\u00a0<strong>Tos<\/strong>.<br \/>\nLe premier, qui tire son nom du\u00a0<strong>mont Ch\u00e2teau Blanc<\/strong>\u00a0(3408 m) qui le surplombe, fait partie du complexe glaciaire du\u00a0<strong>massif du Rutor<\/strong>, qui occupe une surface d\u2019environ 50 km2 entre la vall\u00e9e du Petit-Saint-Bernard (ou de La Thuile), le Valgrisenche et le Val d\u2019Is\u00e8re, situ\u00e9 sur le territoire fran\u00e7ais. Sur la cr\u00eate de s\u00e9paration entre les vall\u00e9es de Valgrisenche et de La Thuile, se dressent, outre le Ch\u00e2teau Blanc, la\u00a0<strong>Pointe Flambeau<\/strong>\u00a0(3315 m) et le\u00a0<strong>Doravidi<\/strong>\u00a0(3439 m), avec son sommet typique form\u00e9 de deux pointes de la m\u00eame hauteur, d\u2019o\u00f9 il est possible d\u2019admirer le panorama du\u00a0<strong>glacier du Rutor<\/strong>.<\/p>\n<p><a href=\"https:\/\/arvier.eu\/wp-content\/uploads\/2012\/04\/CHATEAU_BLANC_RUTOR.jpg\"><span style=\"color: #000000;\"><img loading=\"lazy\" decoding=\"async\" class=\" size-full wp-image-575\" style=\"display: block; margin-left: auto; margin-right: auto;\" title=\"Foto Archivio Sci Club Corrado Gex\" src=\"https:\/\/arvier.eu\/wp-content\/uploads\/2012\/04\/CHATEAU_BLANC_RUTOR.jpg\" alt=\"CHATEAU BLANC RUTOR\" width=\"400\" height=\"300\" \/><\/span><\/a><\/p>\n<p>Le glacier du Ch\u00e2teau Blanc est contigu au glacier du Morion, dans la partie inf\u00e9rieure duquel se trouvent\u00a0<strong>La Becca de C\u00e9r\u00e9<\/strong>\u00a0(2 432 m) et, en face, le\u00a0<strong>Mont Orfeuille<\/strong>\u00a0(2 761 m) : long d\u2019environ 2 900 m, le glacier a une largeur maximale d\u2019environ 2200 m et une inclinaison moyenne proche de 15\u00b0. Il s\u2019\u00e9tend entre 2500 et 3250 \u00a0m\u00e8tres et b\u00e9n\u00e9ficie d\u2019une exposition Nord-Est. \u00c0 l\u2019extr\u00e9mit\u00e9 du glacier du Ch\u00e2teau Blanc, le\u00a0<strong>Col de Planaval<\/strong>\u00a0(3016 m) permet d\u2019aller jusqu\u2019au Refuge Deffeyes et \u00e0 La Thuile, \u00e0 partir du Valgrisenche.<\/p>\n<p>Depuis 1995, le\u00a0<a href=\"https:\/\/arvier.eu\/sci-club-corrado-gex.html\">Club de ski Corrado Gex<\/a>\u00a0organise le\u00a0<strong>Tour du Rutor<\/strong>, une comp\u00e9tition de ski de randonn\u00e9e qui traverse ces merveilleux paysages.<\/p>\n<p>Pour plus de renseignements, voir le site officiel de la manifestation :\u00a0<a class=\"external-link\" title=\"Questo \u00e8 un collegamento ad un sito esterno.\" href=\"http:\/\/www.tourdurutor.com\/\">www.tourdurutor.com<\/a><\/p>\n<p>Le deuxi\u00e8me\u00a0glacier pr\u00e9sent sur notre territoire est le\u00a0<strong>Glacier de Tos<\/strong>, qui s\u2019\u00e9tend entre 3000 et 3200 m et est expos\u00e9 au Nord. Il a une longueur d\u2019environ 1100 m, une largeur maximale d\u2019environ 700 m et une inclinaison moyenne d\u2019environ 11\u00b0. Situ\u00e9 \u00e0 la limite des communes de Valgrisenche et de Rh\u00eames-Saint-Georges, ce glacier est entour\u00e9 de trois sommets, tous situ\u00e9s sur le m\u00eame versant : le plus \u00e9lev\u00e9 est la\u00a0<strong>Becca de Tos<\/strong>\u00a0(3302 m), suivi du\u00a0<strong>Grand Revers<\/strong>\u00a0(3164 m) et de la\u00a0<strong>Becca del Merlo<\/strong>\u00a0(2961 m), aussi appel\u00e9e\u00a0<strong>Becca di Chamin<\/strong>, du nom du village qu\u2019elle domine. La\u00a0<strong>Becca di Verconey<\/strong>\u00a0(2925 m) se dresse en face de ces sommets. En descendant la dorsale alpine et en se rapprochant de la vall\u00e9e centrale, \u00e0 la limite de la commune de Rh\u00eames-Saint-Georges, l\u2019on trouve le\u00a0<strong>Mont de Ane<\/strong>\u00a0(2362 m) et\u00a0<strong>Plan Cou<\/strong>\u00a0(2219 m), un belv\u00e9d\u00e8re magnifique, d\u2019o\u00f9 la vue est splendide.<\/p>\n<p style=\"text-align: center;\"><span style=\"color: #000000;\"><strong>\u00a0<\/strong><\/span><\/p>\n","protected":false},"excerpt":{"rendered":"<p>Montagnes et Glaciers\u00a0 Deux des vingt-six\u00a0glaciers\u00a0du Valgrisenche se trouvent sur le territoire d\u2019Arvier : il s\u2019agit du\u00a0Ch\u00e2teau Blanc\u00a0et du glacier de\u00a0Tos.<\/p>\n","protected":false},"author":1,"featured_media":0,"parent":7395,"menu_order":1,"comment_status":"closed","ping_status":"closed","template":"","meta":{"footnotes":""},"tags":[],"class_list":["post-7274","page","type-page","status-publish","hentry"],"publishpress_future_action":{"enabled":false,"date":"2026-05-08 02:18:03","action":"change-status","newStatus":"draft","terms":[],"taxonomy":"post_tag","extraData":[]},"publishpress_future_workflow_manual_trigger":{"enabledWorkflows":[]},"_links":{"self":[{"href":"https:\/\/arvier.eu\/fr\/wp-json\/wp\/v2\/pages\/7274","targetHints":{"allow":["GET"]}}],"collection":[{"href":"https:\/\/arvier.eu\/fr\/wp-json\/wp\/v2\/pages"}],"about":[{"href":"https:\/\/arvier.eu\/fr\/wp-json\/wp\/v2\/types\/page"}],"author":[{"embeddable":true,"href":"https:\/\/arvier.eu\/fr\/wp-json\/wp\/v2\/users\/1"}],"replies":[{"embeddable":true,"href":"https:\/\/arvier.eu\/fr\/wp-json\/wp\/v2\/comments?post=7274"}],"version-history":[{"count":0,"href":"https:\/\/arvier.eu\/fr\/wp-json\/wp\/v2\/pages\/7274\/revisions"}],"up":[{"embeddable":true,"href":"https:\/\/arvier.eu\/fr\/wp-json\/wp\/v2\/pages\/7395"}],"wp:attachment":[{"href":"https:\/\/arvier.eu\/fr\/wp-json\/wp\/v2\/media?parent=7274"}],"wp:term":[{"taxonomy":"post_tag","embeddable":true,"href":"https:\/\/arvier.eu\/fr\/wp-json\/wp\/v2\/tags?post=7274"}],"curies":[{"name":"wp","href":"https:\/\/api.w.org\/{rel}","templated":true}]}}