{"id":7383,"date":"2022-03-12T11:28:39","date_gmt":"2022-03-12T10:28:39","guid":{"rendered":"https:\/\/arvier.eu\/?page_id=7383"},"modified":"2022-03-12T11:30:49","modified_gmt":"2022-03-12T10:30:49","slug":"carnaval-darvier","status":"publish","type":"page","link":"https:\/\/arvier.eu\/fr\/associazioni\/carnaval-darvier\/","title":{"rendered":"Carnaval d&rsquo;Arvier"},"content":{"rendered":"\n<figure class=\"wp-block-image\"><img decoding=\"async\" src=\"https:\/\/arvier.eu\/images\/stories\/pagine\/Associazioni\/Carnevale_1.jpg\" alt=\"Carnevale_3\"\/><\/figure>\n\n\n\n<p>Le 26 janvier 1990, se r\u00e9unissent mesdames et messieurs<\/p>\n\n\n\n<p>Louis Alleyson, Angelo Bullio, Alberto Cortese, Massimo Cortese, Primo Di Maggio, Franco Godioz,<br>Lucia Hyvoz, Claudio Junin, Christiane Luboz, Gilbert Luboz, Simona Malcuit, Guido Milliery, Daniela Nigra, Davide Perrier, Lucio Romeo, avec son \u00e9pouse Yvonne, et Roger Rossan.<\/p>\n\n\n\n<p>C\u2019est ainsi que na\u00eet officiellement le Carnaval d\u2019Arvier, dont la grande premi\u00e8re eut lieu le 25 f\u00e9vrier 1990.<\/p>\n\n\n\n<p>Au cours des premi\u00e8res ann\u00e9es, le groupe organise deux sorties en costume, au cours desquelles elle recueille les fonds n\u00e9cessaires \u00e0 la pr\u00e9paration du d\u00e9jeuner.<\/p>\n\n\n\n<p>Le menu, devenu traditionnel, est le suivant :<br>Hors d\u2019\u0153uvres locaux (saucisses et boudeun)<br>Minestrone<br>Pot-au-feu avec sauce persill\u00e9e<br>Pommes de terre<br>Salades diverses<br>Fruits<br>Dessert<br>Caf\u00e9 et vin \u00e0 volont\u00e9<\/p>\n\n\n\n<p>A chaque f\u00eate, de 150 \u00e0 200 personnes participent au d\u00e9jeuner et de 80 \u00e0 120 au d\u00eener. Pendant des ann\u00e9es, la soir\u00e9e a \u00e9t\u00e9 anim\u00e9e par les accord\u00e9ons de Lucio et Christian.<\/p>\n\n\n\n<p>Pendant quelques ann\u00e9es, la troupe a encourag\u00e9 la construction de chars, avant de renoncer finalement \u00e0 ce projet, en raison de son co\u00fbt, mais aussi parce qu\u2019il avait \u00e9t\u00e9 d\u00e9cid\u00e9 de r\u00e9compenser les jeunes participants costum\u00e9s en leur offrant des jouets.<\/p>\n\n\n\n<p>Faute de b\u00e9n\u00e9voles, la manifestation a \u00e9t\u00e9 annul\u00e9e en 2011 mais s\u2019est d\u00e9roul\u00e9e normalement en 2012.<br>La r\u00e9ussite du Carnaval d\u2019Arvier est fond\u00e9e sur la bonne volont\u00e9 et, au lendemain de chaque \u00e9dition, un d\u00e9jeuner ou un d\u00eener est organis\u00e9 pour remercier chaleureusement les b\u00e9n\u00e9voles.<\/p>\n\n\n\n<figure class=\"wp-block-table\"><table><tbody><tr><td><img loading=\"lazy\" decoding=\"async\" src=\"https:\/\/arvier.eu\/images\/stories\/pagine\/Associazioni\/Carnevale_2.jpg\" alt=\"Carnevale_2\" width=\"400\" height=\"260\"><\/td><td><img loading=\"lazy\" decoding=\"async\" src=\"https:\/\/arvier.eu\/images\/stories\/pagine\/Associazioni\/Carnevale_3.jpg\" alt=\"Carnevale_3\" width=\"400\" height=\"261\"><\/td><\/tr><\/tbody><\/table><\/figure>\n\n\n\n<p><em>Pour tout renseignement :<\/em><br><strong>Remo Jorrio<\/strong>z \u2013 338 31 69 700<\/p>\n","protected":false},"excerpt":{"rendered":"<p>Le 26 janvier 1990, se r\u00e9unissent mesdames et messieurs Louis Alleyson, Angelo Bullio, Alberto Cortese, Massimo Cortese, Primo Di Maggio, Franco Godioz,Lucia Hyvoz, Claudio Junin, Christiane Luboz, Gilbert Luboz, Simona Malcuit, Guido Milliery, Daniela Nigra, Davide Perrier, Lucio Romeo, avec son \u00e9pouse Yvonne, et Roger Rossan.<\/p>\n","protected":false},"author":1,"featured_media":0,"parent":7375,"menu_order":2,"comment_status":"closed","ping_status":"closed","template":"","meta":{"footnotes":""},"tags":[],"class_list":["post-7383","page","type-page","status-publish","hentry"],"publishpress_future_action":{"enabled":false,"date":"2026-05-09 06:34:28","action":"change-status","newStatus":"draft","terms":[],"taxonomy":"post_tag","extraData":[]},"publishpress_future_workflow_manual_trigger":{"enabledWorkflows":[]},"_links":{"self":[{"href":"https:\/\/arvier.eu\/fr\/wp-json\/wp\/v2\/pages\/7383","targetHints":{"allow":["GET"]}}],"collection":[{"href":"https:\/\/arvier.eu\/fr\/wp-json\/wp\/v2\/pages"}],"about":[{"href":"https:\/\/arvier.eu\/fr\/wp-json\/wp\/v2\/types\/page"}],"author":[{"embeddable":true,"href":"https:\/\/arvier.eu\/fr\/wp-json\/wp\/v2\/users\/1"}],"replies":[{"embeddable":true,"href":"https:\/\/arvier.eu\/fr\/wp-json\/wp\/v2\/comments?post=7383"}],"version-history":[{"count":0,"href":"https:\/\/arvier.eu\/fr\/wp-json\/wp\/v2\/pages\/7383\/revisions"}],"up":[{"embeddable":true,"href":"https:\/\/arvier.eu\/fr\/wp-json\/wp\/v2\/pages\/7375"}],"wp:attachment":[{"href":"https:\/\/arvier.eu\/fr\/wp-json\/wp\/v2\/media?parent=7383"}],"wp:term":[{"taxonomy":"post_tag","embeddable":true,"href":"https:\/\/arvier.eu\/fr\/wp-json\/wp\/v2\/tags?post=7383"}],"curies":[{"name":"wp","href":"https:\/\/api.w.org\/{rel}","templated":true}]}}