{"id":7594,"date":"2022-06-12T19:10:50","date_gmt":"2022-06-12T17:10:30","guid":{"rendered":"https:\/\/arvier.eu\/?page_id=7594"},"modified":"2022-11-19T14:16:16","modified_gmt":"2022-11-19T13:16:16","slug":"privacy-arvier","status":"publish","type":"page","link":"https:\/\/arvier.eu\/fr\/privacy-arvier\/","title":{"rendered":"Privacy"},"content":{"rendered":"\n<p>In questa pagina sono descritte le informazioni relative al trattamento dei dati personali destinate agli utenti che consultano il sito web del Comune di Arvier.<\/p>\n\n\n\n<p><strong>Privacy Policy<\/strong><br>Ai sensi del Regolamento generale dell&rsquo;Unione Europea 2016\/679, relativo alla protezione delle persone fisiche con riguardo al trattamento dei dati personali, nonch\u00e9 alla libera circolazione di tali dati (GDPR), sono fornite le informazioni consultabili per  area di competenza:<\/p>\n\n\n\n<ul class=\"wp-block-list\">\n<li><a href=\"https:\/\/arvier.eu\/wp-content\/uploads\/2022\/11\/Generale.pdf\" data-type=\"attachment\" data-id=\"8541\" target=\"_blank\" rel=\"noreferrer noopener\">Generale<\/a><\/li>\n\n\n\n<li><a href=\"https:\/\/arvier.eu\/wp-content\/uploads\/2022\/11\/Anagrafe_Elettorale.pdf\" data-type=\"attachment\" data-id=\"8533\">Anagrafe e Elettorale<\/a><\/li>\n\n\n\n<li><a href=\"https:\/\/arvier.eu\/wp-content\/uploads\/2022\/11\/Biblioteca.pdf\" data-type=\"attachment\" data-id=\"8535\">Biblioteca<\/a><\/li>\n\n\n\n<li><a href=\"https:\/\/arvier.eu\/wp-content\/uploads\/2022\/11\/DAT.pdf\" data-type=\"attachment\" data-id=\"8537\">Disposizioni Anticipate di Trattamento<\/a><\/li>\n\n\n\n<li><a href=\"https:\/\/arvier.eu\/wp-content\/uploads\/2022\/11\/Fornitori.pdf\" data-type=\"attachment\" data-id=\"8539\">Fornitori<\/a><\/li>\n\n\n\n<li><a href=\"https:\/\/arvier.eu\/wp-content\/uploads\/2022\/11\/Imposte_Tariffe.pdf\" data-type=\"attachment\" data-id=\"8543\">Imposte e Tariffe<\/a><\/li>\n\n\n\n<li><a href=\"https:\/\/arvier.eu\/wp-content\/uploads\/2022\/11\/Lavori_Pubblici.pdf\" data-type=\"attachment\" data-id=\"8545\" target=\"_blank\" rel=\"noreferrer noopener\">Lavori Pubblici<\/a><\/li>\n\n\n\n<li><a href=\"https:\/\/arvier.eu\/wp-content\/uploads\/2022\/11\/Licenze.pdf\" data-type=\"attachment\" data-id=\"8547\">Licenze<\/a><\/li>\n\n\n\n<li><a href=\"https:\/\/arvier.eu\/wp-content\/uploads\/2022\/11\/Stato_Civile.pdf\" data-type=\"attachment\" data-id=\"8549\" target=\"_blank\" rel=\"noreferrer noopener\">Stato Civile<\/a><\/li>\n\n\n\n<li><a href=\"https:\/\/arvier.eu\/wp-content\/uploads\/2022\/11\/Videosorveglianza.pdf\" data-type=\"attachment\" data-id=\"8551\">Videosorveglianza<\/a><\/li>\n<\/ul>\n\n\n\n<p><\/p>\n\n\n\n<p><strong>Titolare del trattamento<\/strong><br>Comune di Arvier<br>Via Corrad Gex 8<br>11010 Arvier (AO)<\/p>\n\n\n\n<p><strong>Responsabile della protezione dei dati (DPO)<\/strong><br>Il DPO \u00e8 contattabile ai seguenti riferimenti:<\/p>\n\n\n\n<p><strong>Avv. Paolo Recla<\/strong><br>PEC: <a href=\"mailto:paolorecla.dpo@legalmail.it\">paolorecla.dpo@legalmail.it<\/a><br><\/p>\n\n\n\n<p class=\"has-text-align-center\"><strong>Informazioni aggiuntive<\/strong><\/p>\n\n\n\n<p><strong>Cookies Policy<\/strong><br>La presente Cookie Policy \u00e8 parte integrante della Privacy Policy sopra descritta.<\/p>\n\n\n\n<p>In ottemperanza al provvedimento n. 229 dell&rsquo;8 maggio 2014 (Individuazione delle modalit\u00e0 semplificate per l&rsquo;informativa e l&rsquo;acquisizione del consenso per l&rsquo;uso dei cookie, pubblicato sulla Gazzetta Ufficiale n. 126 del 3 giugno 2014) e al provvedimento n. 231 del 10 giugno 2021 (Linee guida cookie e altri strumenti di tracciamento, pubblicato sulla Gazzetta Ufficiale n. 163 del 9 luglio 2021) del Garante per la Protezione dei Dati Personali, si informa che il presente sito utilizza i cookies per finalit\u00e0 tecniche oltre che anche per altre finalit\u00e0 chiarite nei successivi paragrafi. I cookies utilizzati consentono di migliorare il servizio reso agli utenti, rendendo pi\u00f9 efficace l&rsquo;uso dello stesso e\/o abilitando determinate funzionalit\u00e0.<\/p>\n\n\n\n<p>L&rsquo;utente che visita il sito ha facolt\u00e0 di accettare tutti i cookies, rifiutare tutti i cookies (ad esclusione di quelli strettamente necessari), o di personalizzare la propria scelta, attraverso i comandi presenti sul banner che compare al suo primo accesso al sito. Il rifiuto dei cookies pu\u00f2 avvenire anche con la semplice chiusura del banner attraverso il comando in alto a destra contraddistinto da una \u00ab\u00a0X\u00a0\u00bb.<\/p>\n\n\n\n<p><br>Qualsiasi sia la scelta espressa, il banner non sar\u00e0 pi\u00f9 mostrato a meno che non si verifichi una delle seguenti condizioni:<\/p>\n\n\n\n<p>se mutano significativamente le condizioni del trattamento;<br>se \u00e8 impossibile, per il sito, sapere se un cookie sia stato gi\u00e0 memorizzato nel dispositivo (ad esempio se i cookies vengono rimossi manualmente dal browser o se l&rsquo;utente naviga in modalit\u00e0 \u00ab\u00a0anonima\u00a0\u00bb);<br>se sono trascorsi almeno 200 giorni dalla precedente presentazione del banner.<\/p>\n\n\n\n<p><br><strong>Categorie di cookies<\/strong><br>I cookies sono suddivisi in categorie a seconda della loro finalit\u00e0.<\/p>\n\n\n\n<ul class=\"wp-block-list\">\n<li><em>Necessari<\/em> (Si tratta di cookies tecnici indispensabili al funzionamento del sito);<\/li>\n\n\n\n<li><em>Statistiche<\/em> (Consentono di monitorare in forma anonima ed aggregata le visite al sito);<\/li>\n\n\n\n<li><em>Condivisione<\/em> &#8211; Consentono la condivisione delle pagine su altri siti e sui social networks.<\/li>\n<\/ul>\n\n\n\n<p>I cookie sono di regola stringhe di testo che i siti web (cd. Publisher, o \u201cprime parti\u201d) visitati dall&rsquo;utente ovvero siti o web server diversi (cd. \u201cterze parti\u201d) posizionano ed archiviano \u2013 direttamente, nel caso dei publisher e indirettamente, cio\u00e8 per il tramite di questi ultimi, nel caso delle \u201cterze parti\u201d &#8211; all&rsquo;interno di un dispositivo terminale (computer, tablet, smartphone) nella disponibilit\u00e0 dell&rsquo;utente medesimo.<\/p>\n\n\n\n<p><strong>Cookies di prima parte<\/strong><br>Sono utilizzati i seguenti cookies tecnici gestiti direttamente dal sito:<\/p>\n\n\n\n<p>Cookies di sessione\/navigazione strettamente necessari per consentire la navigazione da parte dell&rsquo;utente e in assenza di tali cookies, il sito web non potrebbe funzionare correttamente. L&rsquo;uso di cookies di sessione (che non vengono memorizzati in modo persistente sul computer dell&rsquo;utente e svaniscono con la chiusura del browser) \u00e8 strettamente limitato alla trasmissione di identificativi di sessione (costituiti da numeri casuali generati dal server) necessari per consentire l&rsquo;esplorazione sicura ed efficiente del sito. I cookies di sessione utilizzati in questo sito evitano il ricorso ad altre tecniche informatiche potenzialmente pregiudizievoli per la riservatezza della navigazione degli utenti e non consentono l&rsquo;acquisizione di dati personali identificativi dell&rsquo;utente;<br>Cookies per la memorizzazione delle preferenze utilizzati per migliorare l&rsquo;esperienza di navigazione delle pagine web in funzione di una serie di criteri selezionati. In particolare sono utilizzati per tenere traccia di alcune preferenze espresse dall&rsquo;utente (es: informazioni relative alla lingua);<\/p>\n\n\n\n<p><br>Cookies di terze parti<br>Questa tipologia contempla funzionalit\u00e0 sviluppate da terzi, integrate all&rsquo;interno delle pagine del sito ma non gestite direttamente:<\/p>\n\n\n\n<p>Cookies analitici\/di monitoraggio utilizzati per collezionare informazioni sull&rsquo;uso del sito. Nello specifico vengono utilizzati per raccogliere informazioni, in forma aggregata, sul numero degli utenti e su come gli stessi visitano il sito. Il gestore del sito user\u00e0 queste informazioni per effettuare analisi statistiche anonime al fine di migliorare l&rsquo;utilizzo del sito e per rendere i contenuti pi\u00f9 interessanti e attinenti ai desideri dell&rsquo;utenza. L&rsquo;eventuale disabilitazione di questi cookies sulla postazione utente non influenza l&rsquo;interazione con il sito.<\/p>\n\n\n\n<p><br>Cookies di social network che consentono di condividere, anche con altri utenti, i contenuti del sito o di manifestare la vostra opinione in merito attraverso i Social Network come ad esempio Facebook.<br>La presenza di queste funzionalit\u00e0 comporta la trasmissione di cookies da e verso tutti i siti gestiti da terze parti. La gestione delle informazioni raccolte da \u201cterze parti\u201d \u00e8 disciplinata dalle relative informative cui si prega di fare riferimento:<\/p>\n\n\n\n<p><br>La disattivazione dei cookies di terze parti \u00e8 possibile attraverso le modalit\u00e0 rese disponibili direttamente dalla societ\u00e0 terza titolare per detto trattamento.<\/p>\n\n\n\n<p>L&rsquo;utente pu\u00f2 gestire i cookies anche attraverso le impostazioni del browser. Tuttavia, cancellando i cookies dal browser potrebbe rimuovere le proprie preferenze impostate per il sito.<br>Per ulteriori informazioni \u00e8 possibile visitare la pagina di supporto specifica del browser che si sta utilizzando:<\/p>\n\n\n\n<ul class=\"wp-block-list\">\n<li><a href=\"https:\/\/support.google.com\/accounts\/answer\/61416?hl=it\" target=\"_blank\" rel=\"noreferrer noopener\">Google Chrome&nbsp;(Apre il link in una nuova scheda)<\/a><\/li>\n\n\n\n<li><a href=\"https:\/\/support.microsoft.com\/it-it\/topic\/visualizzare-i-cookie-in-microsoft-edge-a7d95376-f2cd-8e4a-25dc-1de753474879\" target=\"_blank\" rel=\"noreferrer noopener\">Microsoft Edge&nbsp;(Apre il link in una nuova scheda)<\/a><\/li>\n\n\n\n<li><a href=\"https:\/\/support.microsoft.com\/it-it\/help\/17442\/windows-internet-explorer-delete-manage-cookies\" target=\"_blank\" rel=\"noreferrer noopener\">Microsoft Internet Explorer&nbsp;(Apre il link in una nuova scheda)<\/a><\/li>\n\n\n\n<li><a href=\"https:\/\/support.mozilla.org\/it\/kb\/Gestione%20dei%20cookie\" target=\"_blank\" rel=\"noreferrer noopener\">Mozilla Firefox&nbsp;(Apre il link in una nuova scheda)<\/a><\/li>\n\n\n\n<li><a href=\"https:\/\/help.opera.com\/en\/latest\/web-preferences\/#cookies\" target=\"_blank\" rel=\"noreferrer noopener\">Opera&nbsp;(Apre il link in una nuova scheda)<\/a><\/li>\n\n\n\n<li><a href=\"https:\/\/support.apple.com\/it-it\/guide\/safari\/sfri11471\/mac\" target=\"_blank\" rel=\"noreferrer noopener\">Safari&nbsp;<\/a><\/li>\n<\/ul>\n\n\n\n<p>Il sito contiene collegamenti ad altri siti web che dispongono di una propria privacy policy e cookies policy alle quali \u00e8 necessario fare riferimento.<\/p>\n","protected":false},"excerpt":{"rendered":"<p>In questa pagina sono descritte le informazioni relative al trattamento dei dati personali destinate agli utenti che consultano il sito web del Comune di Arvier.<\/p>\n","protected":false},"author":1,"featured_media":0,"parent":0,"menu_order":3,"comment_status":"closed","ping_status":"closed","template":"","meta":{"footnotes":""},"tags":[],"class_list":["post-7594","page","type-page","status-publish","hentry"],"publishpress_future_action":{"enabled":false,"date":"2026-05-08 06:14:11","action":"change-status","newStatus":"draft","terms":[],"taxonomy":"post_tag","extraData":[]},"publishpress_future_workflow_manual_trigger":{"enabledWorkflows":[]},"_links":{"self":[{"href":"https:\/\/arvier.eu\/fr\/wp-json\/wp\/v2\/pages\/7594","targetHints":{"allow":["GET"]}}],"collection":[{"href":"https:\/\/arvier.eu\/fr\/wp-json\/wp\/v2\/pages"}],"about":[{"href":"https:\/\/arvier.eu\/fr\/wp-json\/wp\/v2\/types\/page"}],"author":[{"embeddable":true,"href":"https:\/\/arvier.eu\/fr\/wp-json\/wp\/v2\/users\/1"}],"replies":[{"embeddable":true,"href":"https:\/\/arvier.eu\/fr\/wp-json\/wp\/v2\/comments?post=7594"}],"version-history":[{"count":0,"href":"https:\/\/arvier.eu\/fr\/wp-json\/wp\/v2\/pages\/7594\/revisions"}],"wp:attachment":[{"href":"https:\/\/arvier.eu\/fr\/wp-json\/wp\/v2\/media?parent=7594"}],"wp:term":[{"taxonomy":"post_tag","embeddable":true,"href":"https:\/\/arvier.eu\/fr\/wp-json\/wp\/v2\/tags?post=7594"}],"curies":[{"name":"wp","href":"https:\/\/api.w.org\/{rel}","templated":true}]}}